{"id":129137,"date":"2025-05-16T14:41:48","date_gmt":"2025-05-16T12:41:48","guid":{"rendered":"https:\/\/www.maccaferri.com\/mx\/?post_type=webinar&#038;p=129137"},"modified":"2025-05-16T16:51:55","modified_gmt":"2025-05-16T14:51:55","slug":"web-talk-cierre-de-minas-en-latinoamerica-un-enfoque-responsable-y-sustentable-para-el-futuro","status":"publish","type":"webinar","link":"https:\/\/www.maccaferri.com\/mx\/webinar\/web-talk-cierre-de-minas-en-latinoamerica-un-enfoque-responsable-y-sustentable-para-el-futuro\/","title":{"rendered":"Web Talk &#8211; Cierre de Minas en Latinoam\u00e9rica: Un Enfoque Responsable y Sustentable para el Futuro"},"content":{"rendered":"<p>El cierre de minas es un desaf\u00edo clave en la industria minera, que requiere cumplimiento normativo, innovaci\u00f3n tecnol\u00f3gica y estrategias sostenibles para garantizar un impacto positivo en el medio ambiente y las comunidades. \u00danete a nuestro Webtalk y descubre c\u00f3mo la miner\u00eda puede avanzar hacia un cierre responsable y sustentable con la participaci\u00f3n de expertos en normatividad, geosint\u00e9ticos y casos de \u00e9xito en Latinoam\u00e9rica.<\/p><p><strong>MODERADOR:<\/strong><\/p><p><strong>Ing. C\u00e9sar Torres \u2013\u00a0<\/strong>Coordinador Sector Minero LATAM\u00a0<\/p><p><strong>PONENTES:<\/strong><\/p><p><strong>Ing Johann Fuster<\/strong> &#8211; Ing. Derecho ambiental<\/p><p><strong>Ing. Leopoldo Mu\u00f1oz<\/strong> &#8211; Consultor Minero<\/p><p><strong>Ing. Marianna Ferrara<\/strong> &#8211; Especialista GSY Corporativo Maccaferri<\/p><p><\/p><p><\/p>","protected":false},"excerpt":{"rendered":"<p>El cierre de minas es un desaf\u00edo clave en la industria minera, que requiere cumplimiento normativo, innovaci\u00f3n tecnol\u00f3gica y estrategias sostenibles para garantizar un impacto positivo en el medio ambiente y las comunidades. \u00danete a nuestro Webtalk y descubre c\u00f3mo la miner\u00eda puede avanzar hacia un cierre responsable y sustentable con la participaci\u00f3n de expertos [&hellip;]<\/p>\n","protected":false},"featured_media":129143,"parent":0,"menu_order":0,"template":"","webinar-category":[],"webinar-tag":[],"class_list":["post-129137","webinar","type-webinar","status-publish","has-post-thumbnail","hentry"],"acf":{"session_avaible":null,"webinar_file_download":"https:\/\/www.maccaferri.com\/mx\/web-talk-cierre-de-minas-en-latinoamerica-un-enfoque-responsable-y-sustentable-para-el-futuro\/","prodotto_associato":"","data_webinar":"2025-05-15 17:00:00","post_public":false,"icon_webinar":2505,"speakers":[3622,11398]},"yoast_head":"<!-- This site is optimized with the Yoast SEO Premium plugin v27.0 (Yoast SEO v27.0) - https:\/\/yoast.com\/product\/yoast-seo-premium-wordpress\/ -->\n<title>Web Talk - Cierre de Minas en Latinoam\u00e9rica: Un Enfoque Responsable y Sustentable para el Futuro - Maccaferri Mexico<\/title>\n<meta name=\"description\" content=\"Web Talk - Cierre de Minas en Latinoam\u00e9rica: Un Enfoque Responsable y Sustentable para el Futuro - El cierre de minas es un desaf\u00edo clave en la industria minera, que requiere cumplimiento normativo, innovaci\u00f3n tecnol\u00f3gica y estrategias sostenibles para\" \/>\n<meta name=\"robots\" content=\"index, follow, max-snippet:-1, max-image-preview:large, max-video-preview:-1\" \/>\n<link rel=\"canonical\" href=\"https:\/\/www.maccaferri.com\/mx\/webinar\/web-talk-cierre-de-minas-en-latinoamerica-un-enfoque-responsable-y-sustentable-para-el-futuro\/\" \/>\n<meta property=\"og:locale\" content=\"es_ES\" \/>\n<meta property=\"og:type\" content=\"article\" \/>\n<meta property=\"og:title\" content=\"Web Talk - Cierre de Minas en Latinoam\u00e9rica: Un Enfoque Responsable y Sustentable para el Futuro\" \/>\n<meta property=\"og:description\" content=\"Web Talk - Cierre de Minas en Latinoam\u00e9rica: Un Enfoque Responsable y Sustentable para el Futuro - El cierre de minas es un desaf\u00edo clave en la industria minera, que requiere cumplimiento normativo, innovaci\u00f3n tecnol\u00f3gica y estrategias sostenibles para\" \/>\n<meta property=\"og:url\" content=\"https:\/\/www.maccaferri.com\/mx\/webinar\/web-talk-cierre-de-minas-en-latinoamerica-un-enfoque-responsable-y-sustentable-para-el-futuro\/\" \/>\n<meta property=\"og:site_name\" content=\"Maccaferri Mexico\" \/>\n<meta property=\"article:modified_time\" content=\"2025-05-16T14:51:55+00:00\" \/>\n<meta property=\"og:image\" content=\"https:\/\/www.maccaferri.com\/mx\/wp-content\/uploads\/2025\/05\/FOTO-PORTADA_NOTICIA-1.jpg\" \/>\n\t<meta property=\"og:image:width\" content=\"800\" \/>\n\t<meta property=\"og:image:height\" content=\"221\" \/>\n\t<meta property=\"og:image:type\" content=\"image\/jpeg\" \/>\n<meta name=\"twitter:card\" content=\"summary_large_image\" \/>\n<meta name=\"twitter:label1\" content=\"Est. reading time\" \/>\n\t<meta name=\"twitter:data1\" content=\"1 minute\" \/>\n<script type=\"application\/ld+json\" class=\"yoast-schema-graph\">{\"@context\":\"https:\/\/schema.org\",\"@graph\":[{\"@type\":\"WebPage\",\"@id\":\"https:\/\/www.maccaferri.com\/mx\/webinar\/web-talk-cierre-de-minas-en-latinoamerica-un-enfoque-responsable-y-sustentable-para-el-futuro\/\",\"url\":\"https:\/\/www.maccaferri.com\/mx\/webinar\/web-talk-cierre-de-minas-en-latinoamerica-un-enfoque-responsable-y-sustentable-para-el-futuro\/\",\"name\":\"Web Talk - Cierre de Minas en Latinoam\u00e9rica: Un Enfoque Responsable y Sustentable para el Futuro - Maccaferri Mexico\",\"isPartOf\":{\"@id\":\"https:\/\/www.maccaferri.com\/mx\/#website\"},\"primaryImageOfPage\":{\"@id\":\"https:\/\/www.maccaferri.com\/mx\/webinar\/web-talk-cierre-de-minas-en-latinoamerica-un-enfoque-responsable-y-sustentable-para-el-futuro\/#primaryimage\"},\"image\":{\"@id\":\"https:\/\/www.maccaferri.com\/mx\/webinar\/web-talk-cierre-de-minas-en-latinoamerica-un-enfoque-responsable-y-sustentable-para-el-futuro\/#primaryimage\"},\"thumbnailUrl\":\"https:\/\/www.maccaferri.com\/mx\/wp-content\/uploads\/2025\/05\/FOTO-PORTADA_NOTICIA-1.jpg\",\"datePublished\":\"2025-05-16T12:41:48+00:00\",\"dateModified\":\"2025-05-16T14:51:55+00:00\",\"description\":\"Web Talk - Cierre de Minas en Latinoam\u00e9rica: Un Enfoque Responsable y Sustentable para el Futuro - El cierre de minas es un desaf\u00edo clave en la industria minera, que requiere cumplimiento normativo, innovaci\u00f3n tecnol\u00f3gica y estrategias sostenibles para\",\"breadcrumb\":{\"@id\":\"https:\/\/www.maccaferri.com\/mx\/webinar\/web-talk-cierre-de-minas-en-latinoamerica-un-enfoque-responsable-y-sustentable-para-el-futuro\/#breadcrumb\"},\"inLanguage\":\"es-ES\",\"potentialAction\":[{\"@type\":\"ReadAction\",\"target\":[\"https:\/\/www.maccaferri.com\/mx\/webinar\/web-talk-cierre-de-minas-en-latinoamerica-un-enfoque-responsable-y-sustentable-para-el-futuro\/\"]}]},{\"@type\":\"ImageObject\",\"inLanguage\":\"es-ES\",\"@id\":\"https:\/\/www.maccaferri.com\/mx\/webinar\/web-talk-cierre-de-minas-en-latinoamerica-un-enfoque-responsable-y-sustentable-para-el-futuro\/#primaryimage\",\"url\":\"https:\/\/www.maccaferri.com\/mx\/wp-content\/uploads\/2025\/05\/FOTO-PORTADA_NOTICIA-1.jpg\",\"contentUrl\":\"https:\/\/www.maccaferri.com\/mx\/wp-content\/uploads\/2025\/05\/FOTO-PORTADA_NOTICIA-1.jpg\",\"width\":800,\"height\":221},{\"@type\":\"BreadcrumbList\",\"@id\":\"https:\/\/www.maccaferri.com\/mx\/webinar\/web-talk-cierre-de-minas-en-latinoamerica-un-enfoque-responsable-y-sustentable-para-el-futuro\/#breadcrumb\",\"itemListElement\":[{\"@type\":\"ListItem\",\"position\":1,\"name\":\"Home\",\"item\":\"https:\/\/www.maccaferri.com\/mx\/\"},{\"@type\":\"ListItem\",\"position\":2,\"name\":\"Webinar\",\"item\":\"https:\/\/www.maccaferri.com\/mx\/webinar\/\"},{\"@type\":\"ListItem\",\"position\":3,\"name\":\"Web Talk &#8211; Cierre de Minas en Latinoam\u00e9rica: Un Enfoque Responsable y Sustentable para el Futuro\"}]},{\"@type\":\"WebSite\",\"@id\":\"https:\/\/www.maccaferri.com\/mx\/#website\",\"url\":\"https:\/\/www.maccaferri.com\/mx\/\",\"name\":\"Maccaferri Mexico\",\"description\":\"\",\"publisher\":{\"@id\":\"https:\/\/www.maccaferri.com\/mx\/#organization\"},\"potentialAction\":[{\"@type\":\"SearchAction\",\"target\":{\"@type\":\"EntryPoint\",\"urlTemplate\":\"https:\/\/www.maccaferri.com\/mx\/?s={search_term_string}\"},\"query-input\":{\"@type\":\"PropertyValueSpecification\",\"valueRequired\":true,\"valueName\":\"search_term_string\"}}],\"inLanguage\":\"es-ES\"},{\"@type\":\"Organization\",\"@id\":\"https:\/\/www.maccaferri.com\/mx\/#organization\",\"name\":\"Maccaferri Mexico\",\"url\":\"https:\/\/www.maccaferri.com\/mx\/\",\"logo\":{\"@type\":\"ImageObject\",\"inLanguage\":\"es-ES\",\"@id\":\"https:\/\/www.maccaferri.com\/mx\/#\/schema\/logo\/image\/\",\"url\":\"https:\/\/www.maccaferri.com\/mx\/wp-content\/uploads\/2022\/07\/logo-maccaferri.png\",\"contentUrl\":\"https:\/\/www.maccaferri.com\/mx\/wp-content\/uploads\/2022\/07\/logo-maccaferri.png\",\"width\":152,\"height\":32,\"caption\":\"Maccaferri Mexico\"},\"image\":{\"@id\":\"https:\/\/www.maccaferri.com\/mx\/#\/schema\/logo\/image\/\"}}]}<\/script>\n<!-- \/ Yoast SEO Premium plugin. -->","yoast_head_json":{"title":"Web Talk - Cierre de Minas en Latinoam\u00e9rica: Un Enfoque Responsable y Sustentable para el Futuro - Maccaferri Mexico","description":"Web Talk - Cierre de Minas en Latinoam\u00e9rica: Un Enfoque Responsable y Sustentable para el Futuro - El cierre de minas es un desaf\u00edo clave en la industria minera, que requiere cumplimiento normativo, innovaci\u00f3n tecnol\u00f3gica y estrategias sostenibles para","robots":{"index":"index","follow":"follow","max-snippet":"max-snippet:-1","max-image-preview":"max-image-preview:large","max-video-preview":"max-video-preview:-1"},"canonical":"https:\/\/www.maccaferri.com\/mx\/webinar\/web-talk-cierre-de-minas-en-latinoamerica-un-enfoque-responsable-y-sustentable-para-el-futuro\/","og_locale":"es_ES","og_type":"article","og_title":"Web Talk - Cierre de Minas en Latinoam\u00e9rica: Un Enfoque Responsable y Sustentable para el Futuro","og_description":"Web Talk - Cierre de Minas en Latinoam\u00e9rica: Un Enfoque Responsable y Sustentable para el Futuro - El cierre de minas es un desaf\u00edo clave en la industria minera, que requiere cumplimiento normativo, innovaci\u00f3n tecnol\u00f3gica y estrategias sostenibles para","og_url":"https:\/\/www.maccaferri.com\/mx\/webinar\/web-talk-cierre-de-minas-en-latinoamerica-un-enfoque-responsable-y-sustentable-para-el-futuro\/","og_site_name":"Maccaferri Mexico","article_modified_time":"2025-05-16T14:51:55+00:00","og_image":[{"width":800,"height":221,"url":"https:\/\/www.maccaferri.com\/mx\/wp-content\/uploads\/2025\/05\/FOTO-PORTADA_NOTICIA-1.jpg","type":"image\/jpeg"}],"twitter_card":"summary_large_image","twitter_misc":{"Est. reading time":"1 minute"},"schema":{"@context":"https:\/\/schema.org","@graph":[{"@type":"WebPage","@id":"https:\/\/www.maccaferri.com\/mx\/webinar\/web-talk-cierre-de-minas-en-latinoamerica-un-enfoque-responsable-y-sustentable-para-el-futuro\/","url":"https:\/\/www.maccaferri.com\/mx\/webinar\/web-talk-cierre-de-minas-en-latinoamerica-un-enfoque-responsable-y-sustentable-para-el-futuro\/","name":"Web Talk - Cierre de Minas en Latinoam\u00e9rica: Un Enfoque Responsable y Sustentable para el Futuro - Maccaferri Mexico","isPartOf":{"@id":"https:\/\/www.maccaferri.com\/mx\/#website"},"primaryImageOfPage":{"@id":"https:\/\/www.maccaferri.com\/mx\/webinar\/web-talk-cierre-de-minas-en-latinoamerica-un-enfoque-responsable-y-sustentable-para-el-futuro\/#primaryimage"},"image":{"@id":"https:\/\/www.maccaferri.com\/mx\/webinar\/web-talk-cierre-de-minas-en-latinoamerica-un-enfoque-responsable-y-sustentable-para-el-futuro\/#primaryimage"},"thumbnailUrl":"https:\/\/www.maccaferri.com\/mx\/wp-content\/uploads\/2025\/05\/FOTO-PORTADA_NOTICIA-1.jpg","datePublished":"2025-05-16T12:41:48+00:00","dateModified":"2025-05-16T14:51:55+00:00","description":"Web Talk - Cierre de Minas en Latinoam\u00e9rica: Un Enfoque Responsable y Sustentable para el Futuro - El cierre de minas es un desaf\u00edo clave en la industria minera, que requiere cumplimiento normativo, innovaci\u00f3n tecnol\u00f3gica y estrategias sostenibles para","breadcrumb":{"@id":"https:\/\/www.maccaferri.com\/mx\/webinar\/web-talk-cierre-de-minas-en-latinoamerica-un-enfoque-responsable-y-sustentable-para-el-futuro\/#breadcrumb"},"inLanguage":"es-ES","potentialAction":[{"@type":"ReadAction","target":["https:\/\/www.maccaferri.com\/mx\/webinar\/web-talk-cierre-de-minas-en-latinoamerica-un-enfoque-responsable-y-sustentable-para-el-futuro\/"]}]},{"@type":"ImageObject","inLanguage":"es-ES","@id":"https:\/\/www.maccaferri.com\/mx\/webinar\/web-talk-cierre-de-minas-en-latinoamerica-un-enfoque-responsable-y-sustentable-para-el-futuro\/#primaryimage","url":"https:\/\/www.maccaferri.com\/mx\/wp-content\/uploads\/2025\/05\/FOTO-PORTADA_NOTICIA-1.jpg","contentUrl":"https:\/\/www.maccaferri.com\/mx\/wp-content\/uploads\/2025\/05\/FOTO-PORTADA_NOTICIA-1.jpg","width":800,"height":221},{"@type":"BreadcrumbList","@id":"https:\/\/www.maccaferri.com\/mx\/webinar\/web-talk-cierre-de-minas-en-latinoamerica-un-enfoque-responsable-y-sustentable-para-el-futuro\/#breadcrumb","itemListElement":[{"@type":"ListItem","position":1,"name":"Home","item":"https:\/\/www.maccaferri.com\/mx\/"},{"@type":"ListItem","position":2,"name":"Webinar","item":"https:\/\/www.maccaferri.com\/mx\/webinar\/"},{"@type":"ListItem","position":3,"name":"Web Talk &#8211; Cierre de Minas en Latinoam\u00e9rica: Un Enfoque Responsable y Sustentable para el Futuro"}]},{"@type":"WebSite","@id":"https:\/\/www.maccaferri.com\/mx\/#website","url":"https:\/\/www.maccaferri.com\/mx\/","name":"Maccaferri Mexico","description":"","publisher":{"@id":"https:\/\/www.maccaferri.com\/mx\/#organization"},"potentialAction":[{"@type":"SearchAction","target":{"@type":"EntryPoint","urlTemplate":"https:\/\/www.maccaferri.com\/mx\/?s={search_term_string}"},"query-input":{"@type":"PropertyValueSpecification","valueRequired":true,"valueName":"search_term_string"}}],"inLanguage":"es-ES"},{"@type":"Organization","@id":"https:\/\/www.maccaferri.com\/mx\/#organization","name":"Maccaferri Mexico","url":"https:\/\/www.maccaferri.com\/mx\/","logo":{"@type":"ImageObject","inLanguage":"es-ES","@id":"https:\/\/www.maccaferri.com\/mx\/#\/schema\/logo\/image\/","url":"https:\/\/www.maccaferri.com\/mx\/wp-content\/uploads\/2022\/07\/logo-maccaferri.png","contentUrl":"https:\/\/www.maccaferri.com\/mx\/wp-content\/uploads\/2022\/07\/logo-maccaferri.png","width":152,"height":32,"caption":"Maccaferri Mexico"},"image":{"@id":"https:\/\/www.maccaferri.com\/mx\/#\/schema\/logo\/image\/"}}]}},"_links":{"self":[{"href":"https:\/\/www.maccaferri.com\/mx\/wp-json\/wp\/v2\/webinar\/129137","targetHints":{"allow":["GET"]}}],"collection":[{"href":"https:\/\/www.maccaferri.com\/mx\/wp-json\/wp\/v2\/webinar"}],"about":[{"href":"https:\/\/www.maccaferri.com\/mx\/wp-json\/wp\/v2\/types\/webinar"}],"acf:post":[{"embeddable":true,"href":"https:\/\/www.maccaferri.com\/mx\/wp-json\/wp\/v2\/speakers\/11398"},{"embeddable":true,"href":"https:\/\/www.maccaferri.com\/mx\/wp-json\/wp\/v2\/speakers\/3622"}],"wp:featuredmedia":[{"embeddable":true,"href":"https:\/\/www.maccaferri.com\/mx\/wp-json\/wp\/v2\/media\/129143"}],"wp:attachment":[{"href":"https:\/\/www.maccaferri.com\/mx\/wp-json\/wp\/v2\/media?parent=129137"}],"wp:term":[{"taxonomy":"webinar-category","embeddable":true,"href":"https:\/\/www.maccaferri.com\/mx\/wp-json\/wp\/v2\/webinar-category?post=129137"},{"taxonomy":"webinar-tag","embeddable":true,"href":"https:\/\/www.maccaferri.com\/mx\/wp-json\/wp\/v2\/webinar-tag?post=129137"}],"curies":[{"name":"wp","href":"https:\/\/api.w.org\/{rel}","templated":true}]}}