{"id":63442,"date":"2024-02-27T16:32:24","date_gmt":"2024-02-27T15:32:24","guid":{"rendered":"https:\/\/www.maccaferri.com\/fr\/?post_type=webinar&#038;p=63442"},"modified":"2024-03-15T15:08:44","modified_gmt":"2024-03-15T14:08:44","slug":"proteger-durablement-les-revetements-avances-pour-les-risques-naturels","status":"publish","type":"webinar","link":"https:\/\/www.maccaferri.com\/fr\/webinar\/proteger-durablement-les-revetements-avances-pour-les-risques-naturels\/","title":{"rendered":"Prot\u00e9ger durablement : les rev\u00eatements avanc\u00e9s pour les Risques Naturels"},"content":{"rendered":"<p><\/p><p class=\"has-medium-font-size\"><strong>15 \/03 \/2024<\/strong><\/p><div style=\"height:74px\" aria-hidden=\"true\" class=\"wp-block-spacer\"><\/div><p class=\"has-text-align-center\">Lorsqu&#8217;elle est expos\u00e9e \u00e0 des<strong> conditions environnementales agressives<\/strong>, une <strong>protection<\/strong> contre les<strong> chutes de pierres <\/strong>peut rapidement se<strong> d\u00e9t\u00e9riorer<\/strong>, <strong>mena\u00e7ant<\/strong> ainsi la <strong>s\u00e9curit\u00e9 <\/strong>des <strong>personnes<\/strong> et des<strong> biens<\/strong>. <\/p><div style=\"height:29px\" aria-hidden=\"true\" class=\"wp-block-spacer\"><\/div><p class=\"has-text-align-center\">Les<strong> solutions Maccaferri<\/strong> sont con\u00e7ues pour <strong>r\u00e9pondre<\/strong> \u00e0 des<strong> contextes \u00e9volutif<\/strong>s. Nos syst\u00e8mes de protection contre les risques naturels et l&#8217;\u00e9rosion sont notamment pr\u00e9vus pour <strong>r\u00e9sister<\/strong> aux conditions <strong>environnementales les plus s\u00e9v\u00e8res<\/strong>.<\/p><div style=\"height:30px\" aria-hidden=\"true\" class=\"wp-block-spacer\"><\/div><p class=\"has-text-align-center has-medium-font-size\">Nous innovons afin de proposer des produits qui correspondent \u00e0 vos besoins !<\/p><div style=\"height:49px\" aria-hidden=\"true\" class=\"wp-block-spacer\"><\/div><p class=\"has-text-align-center has-medium-font-size\">Vous souhaitez en apprendre plus sur les rev\u00eatements Maccaferri\u00a0?<\/p><div class=\"wp-block-mac-container-block box-container\"><div class=\"wp-block-columns is-layout-flex wp-container-core-columns-is-layout-9d6595d7 wp-block-columns-is-layout-flex\"><div class=\"wp-block-column is-layout-flow wp-block-column-is-layout-flow\"><div style=\"height:100px\" aria-hidden=\"true\" class=\"wp-block-spacer\"><\/div><\/div><\/div><\/div><div style=\"height:57px\" aria-hidden=\"true\" class=\"wp-block-spacer\"><\/div><div class=\"wp-block-columns has-background is-layout-flex wp-container-core-columns-is-layout-9d6595d7 wp-block-columns-is-layout-flex\" style=\"background-color:#fafafa\"><div class=\"wp-block-column has-background is-layout-flow wp-block-column-is-layout-flow\" style=\"background-color:#fafafa\"><p class=\"has-text-align-center has-background has-medium-font-size\" style=\"background-color:#fafafa\"><strong>Pourquoi choisir un rev\u00eatement performant ? <\/strong><\/p><\/div><\/div><div style=\"height:68px\" aria-hidden=\"true\" class=\"wp-block-spacer\"><\/div><p class=\"has-text-align-center\">L&#8217;exposition \u00e0 l&#8217;humidit\u00e9 et \u00e0 la pollution de l&#8217;environnement atmosph\u00e9rique, ainsi que les effets des chlorures et des sels, affectent consid\u00e9rablement la vitesse de corrosion en alt\u00e9rant la qualit\u00e9 du fil d&#8217;acier.<\/p><p class=\"has-text-align-center\">La corrosion de l\u2019acier entra\u00eene la d\u00e9t\u00e9rioration des protections contre les chutes de pierres.<\/p><p class=\"has-text-align-center\"><strong>L&#8217;application d&#8217;un rev\u00eatement avanc\u00e9 am\u00e9liore les performances<\/strong> de nos syst\u00e8mes de protection <\/p><p class=\"has-text-align-center\">contre les chutes de pierres en prolongeant leur <strong>dur\u00e9e de vie<\/strong>.<\/p><div style=\"height:51px\" aria-hidden=\"true\" class=\"wp-block-spacer\"><\/div><p class=\"has-text-align-center has-medium-font-size\"><strong>Lors de ce webinaire, nous \u00e9voquons les rev\u00eatements m\u00e9talliques et polym\u00e8res.<\/strong><\/p><div style=\"height:100px\" aria-hidden=\"true\" class=\"wp-block-spacer\"><\/div><p class=\"has-text-align-left\"><\/p><div class=\"wp-block-columns is-layout-flex wp-container-core-columns-is-layout-9d6595d7 wp-block-columns-is-layout-flex\"><div class=\"wp-block-column is-layout-flow wp-block-column-is-layout-flow\"><figure class=\"wp-block-image aligncenter size-large is-resized\"><img fetchpriority=\"high\" decoding=\"async\" width=\"766\" height=\"1024\" src=\"https:\/\/www.maccaferri.com\/fr\/wp-content\/uploads\/2024\/02\/Picture6-ENG-1-766x1024.png\" alt=\"\" class=\"wp-image-63454\" style=\"width:313px;height:auto\" srcset=\"https:\/\/www.maccaferri.com\/fr\/wp-content\/uploads\/2024\/02\/Picture6-ENG-1-766x1024.png 766w, https:\/\/www.maccaferri.com\/fr\/wp-content\/uploads\/2024\/02\/Picture6-ENG-1-224x300.png 224w, https:\/\/www.maccaferri.com\/fr\/wp-content\/uploads\/2024\/02\/Picture6-ENG-1-768x1027.png 768w, https:\/\/www.maccaferri.com\/fr\/wp-content\/uploads\/2024\/02\/Picture6-ENG-1-1149x1536.png 1149w, https:\/\/www.maccaferri.com\/fr\/wp-content\/uploads\/2024\/02\/Picture6-ENG-1-1532x2048.png 1532w, https:\/\/www.maccaferri.com\/fr\/wp-content\/uploads\/2024\/02\/Picture6-ENG-1-90x120.png 90w, https:\/\/www.maccaferri.com\/fr\/wp-content\/uploads\/2024\/02\/Picture6-ENG-1.png 1590w\" sizes=\"(max-width: 766px) 100vw, 766px\" \/><\/figure><\/div>\n\n<div class=\"wp-block-column is-layout-flow wp-block-column-is-layout-flow\"><p class=\"has-text-align-center has-medium-font-size\"><strong><u>Rev\u00eatement m\u00e9tallique<\/u><\/strong><\/p>\n\n<div style=\"height:106px\" aria-hidden=\"true\" class=\"wp-block-spacer\"><\/div>\n\n<p class=\"has-text-align-center\">Les rev\u00eatements Maccaferri <strong>GalMac C2<\/strong> et<strong> GalMac C3 <\/strong>garantissent une dur\u00e9e de vie d&#8217;au moins 50 ans dans les classes d&#8217;environnement C2 et C3 (selon ISO 9223) respectivement.<\/p><\/div><\/div><div style=\"height:58px\" aria-hidden=\"true\" class=\"wp-block-spacer\"><\/div><div class=\"wp-block-columns is-layout-flex wp-container-core-columns-is-layout-9d6595d7 wp-block-columns-is-layout-flex\"><div class=\"wp-block-column is-layout-flow wp-block-column-is-layout-flow\"><p class=\"has-text-align-center has-medium-font-size\"><strong><u>Rev\u00eatement m\u00e9tallique et polym\u00e8re<\/u><\/strong><\/p>\n\n<div style=\"height:106px\" aria-hidden=\"true\" class=\"wp-block-spacer\"><\/div>\n\n<p>Le rev\u00eatement <strong>PoliMac\u00ae<\/strong> est un m\u00e9lange de polym\u00e8res ayant une excellente adh\u00e9rence au fil, sp\u00e9cialement adapt\u00e9 pour r\u00e9sister aux conditions d&#8217;application dans des environnements extr\u00eamement agressifs.<\/p><\/div>\n\n<div class=\"wp-block-column is-layout-flow wp-block-column-is-layout-flow\"><figure class=\"wp-block-image aligncenter size-large is-resized\"><img decoding=\"async\" width=\"1024\" height=\"453\" src=\"https:\/\/www.maccaferri.com\/fr\/wp-content\/uploads\/2024\/02\/polimac-logo-1024x453.png\" alt=\"\" class=\"wp-image-63460\" style=\"width:477px;height:auto\" srcset=\"https:\/\/www.maccaferri.com\/fr\/wp-content\/uploads\/2024\/02\/polimac-logo-1024x453.png 1024w, https:\/\/www.maccaferri.com\/fr\/wp-content\/uploads\/2024\/02\/polimac-logo-300x133.png 300w, https:\/\/www.maccaferri.com\/fr\/wp-content\/uploads\/2024\/02\/polimac-logo-768x340.png 768w, https:\/\/www.maccaferri.com\/fr\/wp-content\/uploads\/2024\/02\/polimac-logo-120x53.png 120w, https:\/\/www.maccaferri.com\/fr\/wp-content\/uploads\/2024\/02\/polimac-logo.png 1091w\" sizes=\"(max-width: 1024px) 100vw, 1024px\" \/><\/figure><\/div><\/div><div style=\"height:100px\" aria-hidden=\"true\" class=\"wp-block-spacer\"><\/div><p class=\"has-text-align-center has-medium-font-size\"><strong>Des solutions con\u00e7ues en pensant \u00e0 l\u2019avenir<\/strong><\/p><div style=\"height:48px\" aria-hidden=\"true\" class=\"wp-block-spacer\"><\/div><p><strong>Depuis 140 ans<\/strong>, nous nous effor\u00e7ons d&#8217;apporter une r\u00e9ponse \u00e0 ces probl\u00e8mes en proposant des solutions d&#8217;ing\u00e9nierie plus performantes. C\u2019est la capacit\u00e9 \u00e0 faire face \u00e0 des \u00e9v\u00e9nements extr\u00eames afin de maintenir la fonctionnalit\u00e9, l&#8217;adaptabilit\u00e9 et ainsi la durabilit\u00e9 dans le temps de ces solutions, tout en \u00e9tant int\u00e9gr\u00e9es dans la nature et respectueuses de l&#8217;environnement.<\/p><div style=\"height:66px\" aria-hidden=\"true\" class=\"wp-block-spacer\"><\/div><p>La r\u00e9sistance exceptionnelle du PoliMac\u00ae aux conditions environnementales agressives r\u00e9duit le besoin d&#8217;entretien et prolonge la dur\u00e9e de vie des syst\u00e8mes de protection contre les chutes de pierres.<\/p><p>Les avantages du PoliMac\u00ae dans les applications contre les chutes de blocs :<\/p><p>\u2022 R\u00e9sistance aux dommages li\u00e9s \u00e0 l&#8217;installation ;<\/p><p>\u2022 R\u00e9sistance &nbsp;aux effets des basses temp\u00e9ratures ; <\/p><p>\u2022 R\u00e9sistance aux UV.<\/p><div class=\"wp-block-buttons is-content-justification-center is-layout-flex wp-container-core-buttons-is-layout-16018d1d wp-block-buttons-is-layout-flex\"><div class=\"wp-block-button\"><a class=\"wp-block-button__link wp-element-button\" href=\"https:\/\/www.maccaferri.com\/fr\/polimac\/\" target=\"_blank\" rel=\"noreferrer noopener\">en savoir plus sur le rev\u00eatement POLIMAC<\/a><\/div><\/div>","protected":false},"excerpt":{"rendered":"<p>Visionner notre webinaire sur les rev\u00eatements pour les risques naturels <\/p>\n","protected":false},"featured_media":63444,"parent":0,"menu_order":0,"template":"","webinar-category":[],"webinar-tag":[178],"class_list":["post-63442","webinar","type-webinar","status-publish","has-post-thumbnail","hentry","webinar-tag-macdrain"],"acf":{"session_avaible":[{"orario_di_inizio":"10:00:00","orario_di_fine":"11:30:00","fuso_orario":"UTC +2","lingua":"Fran\u00e7ais","register_to_session":"https:\/\/www2.maccaferri.com\/l\/965143\/2024-02-27\/5rqsgm"}],"webinar_file_download":"https:\/\/www2.maccaferri.com\/l\/965143\/2024-03-15\/5rtmht","prodotto_associato":"","data_webinar":"2024-03-15 10:00:00","post_public":true,"icon_webinar":2505,"speakers":[58914]},"yoast_head":"<!-- This site is optimized with the Yoast SEO Premium plugin v27.0 (Yoast SEO v27.0) - https:\/\/yoast.com\/product\/yoast-seo-premium-wordpress\/ -->\n<title>Prot\u00e9ger durablement : les rev\u00eatements avanc\u00e9s pour les Risques Naturels - Maccaferri France<\/title>\n<meta name=\"description\" content=\"Participez \u00e0 notre webinaire sur les solutions performantes pour les rev\u00eatements de grillages pour les risques naturels\" \/>\n<meta name=\"robots\" content=\"index, follow, max-snippet:-1, max-image-preview:large, max-video-preview:-1\" \/>\n<link rel=\"canonical\" href=\"https:\/\/www.maccaferri.com\/fr\/webinar\/proteger-durablement-les-revetements-avances-pour-les-risques-naturels\/\" \/>\n<meta property=\"og:locale\" content=\"fr_FR\" \/>\n<meta property=\"og:type\" content=\"article\" \/>\n<meta property=\"og:title\" content=\"Prot\u00e9ger durablement : les rev\u00eatements avanc\u00e9s pour les Risques Naturels\" \/>\n<meta property=\"og:description\" content=\"Participez \u00e0 notre webinaire sur les solutions performantes pour les rev\u00eatements de grillages pour les risques naturels\" \/>\n<meta property=\"og:url\" content=\"https:\/\/www.maccaferri.com\/fr\/webinar\/proteger-durablement-les-revetements-avances-pour-les-risques-naturels\/\" \/>\n<meta property=\"og:site_name\" content=\"Maccaferri France\" \/>\n<meta property=\"article:modified_time\" content=\"2024-03-15T14:08:44+00:00\" \/>\n<meta property=\"og:image\" content=\"https:\/\/www.maccaferri.com\/fr\/wp-content\/uploads\/2024\/02\/Webinaire-15032024_site.png\" \/>\n\t<meta property=\"og:image:width\" content=\"1000\" \/>\n\t<meta property=\"og:image:height\" content=\"276\" \/>\n\t<meta property=\"og:image:type\" content=\"image\/png\" \/>\n<meta name=\"twitter:card\" content=\"summary_large_image\" \/>\n<meta name=\"twitter:label1\" content=\"Dur\u00e9e de lecture estim\u00e9e\" \/>\n\t<meta name=\"twitter:data1\" content=\"3 minutes\" \/>\n<script type=\"application\/ld+json\" class=\"yoast-schema-graph\">{\"@context\":\"https:\/\/schema.org\",\"@graph\":[{\"@type\":\"WebPage\",\"@id\":\"https:\/\/www.maccaferri.com\/fr\/webinar\/proteger-durablement-les-revetements-avances-pour-les-risques-naturels\/\",\"url\":\"https:\/\/www.maccaferri.com\/fr\/webinar\/proteger-durablement-les-revetements-avances-pour-les-risques-naturels\/\",\"name\":\"Prot\u00e9ger durablement : les rev\u00eatements avanc\u00e9s pour les Risques Naturels - Maccaferri France\",\"isPartOf\":{\"@id\":\"https:\/\/www.maccaferri.com\/fr\/#website\"},\"primaryImageOfPage\":{\"@id\":\"https:\/\/www.maccaferri.com\/fr\/webinar\/proteger-durablement-les-revetements-avances-pour-les-risques-naturels\/#primaryimage\"},\"image\":{\"@id\":\"https:\/\/www.maccaferri.com\/fr\/webinar\/proteger-durablement-les-revetements-avances-pour-les-risques-naturels\/#primaryimage\"},\"thumbnailUrl\":\"https:\/\/www.maccaferri.com\/fr\/wp-content\/uploads\/2024\/02\/Webinaire-15032024_site.png\",\"datePublished\":\"2024-02-27T15:32:24+00:00\",\"dateModified\":\"2024-03-15T14:08:44+00:00\",\"description\":\"Participez \u00e0 notre webinaire sur les solutions performantes pour les rev\u00eatements de grillages pour les risques naturels\",\"breadcrumb\":{\"@id\":\"https:\/\/www.maccaferri.com\/fr\/webinar\/proteger-durablement-les-revetements-avances-pour-les-risques-naturels\/#breadcrumb\"},\"inLanguage\":\"fr-FR\",\"potentialAction\":[{\"@type\":\"ReadAction\",\"target\":[\"https:\/\/www.maccaferri.com\/fr\/webinar\/proteger-durablement-les-revetements-avances-pour-les-risques-naturels\/\"]}]},{\"@type\":\"ImageObject\",\"inLanguage\":\"fr-FR\",\"@id\":\"https:\/\/www.maccaferri.com\/fr\/webinar\/proteger-durablement-les-revetements-avances-pour-les-risques-naturels\/#primaryimage\",\"url\":\"https:\/\/www.maccaferri.com\/fr\/wp-content\/uploads\/2024\/02\/Webinaire-15032024_site.png\",\"contentUrl\":\"https:\/\/www.maccaferri.com\/fr\/wp-content\/uploads\/2024\/02\/Webinaire-15032024_site.png\",\"width\":1000,\"height\":276},{\"@type\":\"BreadcrumbList\",\"@id\":\"https:\/\/www.maccaferri.com\/fr\/webinar\/proteger-durablement-les-revetements-avances-pour-les-risques-naturels\/#breadcrumb\",\"itemListElement\":[{\"@type\":\"ListItem\",\"position\":1,\"name\":\"Home\",\"item\":\"https:\/\/www.maccaferri.com\/fr\/\"},{\"@type\":\"ListItem\",\"position\":2,\"name\":\"Webinar\",\"item\":\"https:\/\/www.maccaferri.com\/fr\/webinar\/\"},{\"@type\":\"ListItem\",\"position\":3,\"name\":\"Prot\u00e9ger durablement : les rev\u00eatements avanc\u00e9s pour les Risques Naturels\"}]},{\"@type\":\"WebSite\",\"@id\":\"https:\/\/www.maccaferri.com\/fr\/#website\",\"url\":\"https:\/\/www.maccaferri.com\/fr\/\",\"name\":\"Maccaferri France\",\"description\":\"\",\"publisher\":{\"@id\":\"https:\/\/www.maccaferri.com\/fr\/#organization\"},\"potentialAction\":[{\"@type\":\"SearchAction\",\"target\":{\"@type\":\"EntryPoint\",\"urlTemplate\":\"https:\/\/www.maccaferri.com\/fr\/?s={search_term_string}\"},\"query-input\":{\"@type\":\"PropertyValueSpecification\",\"valueRequired\":true,\"valueName\":\"search_term_string\"}}],\"inLanguage\":\"fr-FR\"},{\"@type\":\"Organization\",\"@id\":\"https:\/\/www.maccaferri.com\/fr\/#organization\",\"name\":\"Maccaferri France\",\"url\":\"https:\/\/www.maccaferri.com\/fr\/\",\"logo\":{\"@type\":\"ImageObject\",\"inLanguage\":\"fr-FR\",\"@id\":\"https:\/\/www.maccaferri.com\/fr\/#\/schema\/logo\/image\/\",\"url\":\"https:\/\/www.maccaferri.com\/fr\/wp-content\/uploads\/2022\/07\/logo-maccaferri.png\",\"contentUrl\":\"https:\/\/www.maccaferri.com\/fr\/wp-content\/uploads\/2022\/07\/logo-maccaferri.png\",\"width\":152,\"height\":32,\"caption\":\"Maccaferri France\"},\"image\":{\"@id\":\"https:\/\/www.maccaferri.com\/fr\/#\/schema\/logo\/image\/\"}}]}<\/script>\n<!-- \/ Yoast SEO Premium plugin. -->","yoast_head_json":{"title":"Prot\u00e9ger durablement : les rev\u00eatements avanc\u00e9s pour les Risques Naturels - Maccaferri France","description":"Participez \u00e0 notre webinaire sur les solutions performantes pour les rev\u00eatements de grillages pour les risques naturels","robots":{"index":"index","follow":"follow","max-snippet":"max-snippet:-1","max-image-preview":"max-image-preview:large","max-video-preview":"max-video-preview:-1"},"canonical":"https:\/\/www.maccaferri.com\/fr\/webinar\/proteger-durablement-les-revetements-avances-pour-les-risques-naturels\/","og_locale":"fr_FR","og_type":"article","og_title":"Prot\u00e9ger durablement : les rev\u00eatements avanc\u00e9s pour les Risques Naturels","og_description":"Participez \u00e0 notre webinaire sur les solutions performantes pour les rev\u00eatements de grillages pour les risques naturels","og_url":"https:\/\/www.maccaferri.com\/fr\/webinar\/proteger-durablement-les-revetements-avances-pour-les-risques-naturels\/","og_site_name":"Maccaferri France","article_modified_time":"2024-03-15T14:08:44+00:00","og_image":[{"width":1000,"height":276,"url":"https:\/\/www.maccaferri.com\/fr\/wp-content\/uploads\/2024\/02\/Webinaire-15032024_site.png","type":"image\/png"}],"twitter_card":"summary_large_image","twitter_misc":{"Dur\u00e9e de lecture estim\u00e9e":"3 minutes"},"schema":{"@context":"https:\/\/schema.org","@graph":[{"@type":"WebPage","@id":"https:\/\/www.maccaferri.com\/fr\/webinar\/proteger-durablement-les-revetements-avances-pour-les-risques-naturels\/","url":"https:\/\/www.maccaferri.com\/fr\/webinar\/proteger-durablement-les-revetements-avances-pour-les-risques-naturels\/","name":"Prot\u00e9ger durablement : les rev\u00eatements avanc\u00e9s pour les Risques Naturels - Maccaferri France","isPartOf":{"@id":"https:\/\/www.maccaferri.com\/fr\/#website"},"primaryImageOfPage":{"@id":"https:\/\/www.maccaferri.com\/fr\/webinar\/proteger-durablement-les-revetements-avances-pour-les-risques-naturels\/#primaryimage"},"image":{"@id":"https:\/\/www.maccaferri.com\/fr\/webinar\/proteger-durablement-les-revetements-avances-pour-les-risques-naturels\/#primaryimage"},"thumbnailUrl":"https:\/\/www.maccaferri.com\/fr\/wp-content\/uploads\/2024\/02\/Webinaire-15032024_site.png","datePublished":"2024-02-27T15:32:24+00:00","dateModified":"2024-03-15T14:08:44+00:00","description":"Participez \u00e0 notre webinaire sur les solutions performantes pour les rev\u00eatements de grillages pour les risques naturels","breadcrumb":{"@id":"https:\/\/www.maccaferri.com\/fr\/webinar\/proteger-durablement-les-revetements-avances-pour-les-risques-naturels\/#breadcrumb"},"inLanguage":"fr-FR","potentialAction":[{"@type":"ReadAction","target":["https:\/\/www.maccaferri.com\/fr\/webinar\/proteger-durablement-les-revetements-avances-pour-les-risques-naturels\/"]}]},{"@type":"ImageObject","inLanguage":"fr-FR","@id":"https:\/\/www.maccaferri.com\/fr\/webinar\/proteger-durablement-les-revetements-avances-pour-les-risques-naturels\/#primaryimage","url":"https:\/\/www.maccaferri.com\/fr\/wp-content\/uploads\/2024\/02\/Webinaire-15032024_site.png","contentUrl":"https:\/\/www.maccaferri.com\/fr\/wp-content\/uploads\/2024\/02\/Webinaire-15032024_site.png","width":1000,"height":276},{"@type":"BreadcrumbList","@id":"https:\/\/www.maccaferri.com\/fr\/webinar\/proteger-durablement-les-revetements-avances-pour-les-risques-naturels\/#breadcrumb","itemListElement":[{"@type":"ListItem","position":1,"name":"Home","item":"https:\/\/www.maccaferri.com\/fr\/"},{"@type":"ListItem","position":2,"name":"Webinar","item":"https:\/\/www.maccaferri.com\/fr\/webinar\/"},{"@type":"ListItem","position":3,"name":"Prot\u00e9ger durablement : les rev\u00eatements avanc\u00e9s pour les Risques Naturels"}]},{"@type":"WebSite","@id":"https:\/\/www.maccaferri.com\/fr\/#website","url":"https:\/\/www.maccaferri.com\/fr\/","name":"Maccaferri France","description":"","publisher":{"@id":"https:\/\/www.maccaferri.com\/fr\/#organization"},"potentialAction":[{"@type":"SearchAction","target":{"@type":"EntryPoint","urlTemplate":"https:\/\/www.maccaferri.com\/fr\/?s={search_term_string}"},"query-input":{"@type":"PropertyValueSpecification","valueRequired":true,"valueName":"search_term_string"}}],"inLanguage":"fr-FR"},{"@type":"Organization","@id":"https:\/\/www.maccaferri.com\/fr\/#organization","name":"Maccaferri France","url":"https:\/\/www.maccaferri.com\/fr\/","logo":{"@type":"ImageObject","inLanguage":"fr-FR","@id":"https:\/\/www.maccaferri.com\/fr\/#\/schema\/logo\/image\/","url":"https:\/\/www.maccaferri.com\/fr\/wp-content\/uploads\/2022\/07\/logo-maccaferri.png","contentUrl":"https:\/\/www.maccaferri.com\/fr\/wp-content\/uploads\/2022\/07\/logo-maccaferri.png","width":152,"height":32,"caption":"Maccaferri France"},"image":{"@id":"https:\/\/www.maccaferri.com\/fr\/#\/schema\/logo\/image\/"}}]}},"_links":{"self":[{"href":"https:\/\/www.maccaferri.com\/fr\/wp-json\/wp\/v2\/webinar\/63442","targetHints":{"allow":["GET"]}}],"collection":[{"href":"https:\/\/www.maccaferri.com\/fr\/wp-json\/wp\/v2\/webinar"}],"about":[{"href":"https:\/\/www.maccaferri.com\/fr\/wp-json\/wp\/v2\/types\/webinar"}],"acf:post":[{"embeddable":true,"href":"https:\/\/www.maccaferri.com\/fr\/wp-json\/wp\/v2\/speakers\/58914"}],"wp:featuredmedia":[{"embeddable":true,"href":"https:\/\/www.maccaferri.com\/fr\/wp-json\/wp\/v2\/media\/63444"}],"wp:attachment":[{"href":"https:\/\/www.maccaferri.com\/fr\/wp-json\/wp\/v2\/media?parent=63442"}],"wp:term":[{"taxonomy":"webinar-category","embeddable":true,"href":"https:\/\/www.maccaferri.com\/fr\/wp-json\/wp\/v2\/webinar-category?post=63442"},{"taxonomy":"webinar-tag","embeddable":true,"href":"https:\/\/www.maccaferri.com\/fr\/wp-json\/wp\/v2\/webinar-tag?post=63442"}],"curies":[{"name":"wp","href":"https:\/\/api.w.org\/{rel}","templated":true}]}}