{"id":104552,"date":"2025-10-01T10:07:30","date_gmt":"2025-10-01T08:07:30","guid":{"rendered":"https:\/\/www.maccaferri.com\/fr\/?post_type=webinar&#038;p=104552"},"modified":"2025-11-24T15:12:56","modified_gmt":"2025-11-24T14:12:56","slug":"etude-de-cas-la-gestion-du-risque-rocheux-dans-les-alpes-de-haute-provence-des-solutions-adaptees-a-chaque-problematique-sur-la-rd-900","status":"publish","type":"webinar","link":"https:\/\/www.maccaferri.com\/fr\/webinar\/etude-de-cas-la-gestion-du-risque-rocheux-dans-les-alpes-de-haute-provence-des-solutions-adaptees-a-chaque-problematique-sur-la-rd-900\/","title":{"rendered":"Etude de cas &#8211; La gestion du risque rocheux dans les Alpes de Haute Provence : des solutions adapt\u00e9es \u00e0 chaque probl\u00e9matique sur la RD 900"},"content":{"rendered":"<p class=\"has-medium-font-size\"><\/p><div style=\"height:74px\" aria-hidden=\"true\" class=\"wp-block-spacer\"><\/div><p class=\"has-text-align-center\">Visionnez notre webinaire consacr\u00e9 \u00e0 notre \u00e9tude de cas\u00a0: \u00a0La gestion du risque rocheux dans les Alpes de Haute Provence : des solutions adapt\u00e9es \u00e0 chaque probl\u00e9matique sur la RD 900<\/p><div style=\"height:100px\" aria-hidden=\"true\" class=\"wp-block-spacer\"><\/div><p class=\"has-text-align-center\">Participez \u00e0 notre webinaire et apprenez en plus sur ce chantier d\u2019exception&nbsp;:<\/p><p class=\"has-text-align-center\">Un chantier acrobatique n\u00e9cessitant le recours \u00e0 un large panel de solutions pour les Risques Naturels<\/p><p class=\"has-text-align-center\">Des <strong>\u00e9crans pare-blocs<\/strong> de 100 \u00e0 5000kJ, des d\u00e9flecteurs, du confortement de falaise<\/p><p class=\"has-text-align-center\">La <strong>surveillance continue<\/strong> du couloir de la Rochaille avec le syst\u00e8me HelloMac GEO, assurant la s\u00e9curit\u00e9 de la route et des futurs travaux de construction de galeries.<\/p><p class=\"has-text-align-center\">Un <strong>soutien technique<\/strong> tout au long du projet<\/p><div style=\"height:100px\" aria-hidden=\"true\" class=\"wp-block-spacer\"><\/div><p class=\"has-text-align-center\" style=\"font-size:17px\">Pour en savoir plus :<\/p><div style=\"height:49px\" aria-hidden=\"true\" class=\"wp-block-spacer\"><\/div><div class=\"wp-block-buttons is-content-justification-center is-layout-flex wp-container-core-buttons-is-layout-16018d1d wp-block-buttons-is-layout-flex\"><div class=\"wp-block-button\"><a class=\"wp-block-button__link has-text-align-center wp-element-button\" href=\"https:\/\/www2.maccaferri.com\/l\/965143\/2025-10-01\/5vbxfn\" target=\"_blank\" rel=\"noreferrer noopener\">Solutions sur mesure pour le chantier de La Rochaille<\/a><\/div>\n\n<div class=\"wp-block-button\"><a class=\"wp-block-button__link wp-element-button\" href=\"https:\/\/www2.maccaferri.com\/l\/965143\/2025-10-01\/5vbxfr\" target=\"_blank\" rel=\"noreferrer noopener\">Des HelloMac GEO pour le chantier de La Rochaille<\/a><\/div><\/div><div style=\"height:100px\" aria-hidden=\"true\" class=\"wp-block-spacer\"><\/div><p><\/p>","protected":false},"excerpt":{"rendered":"<p>Visionnez notre webinaire \u00e9tude de cas concret : La gestion du risque rocheux dans les Alpes de Haute Provence<\/p>\n","protected":false},"featured_media":104555,"parent":0,"menu_order":0,"template":"","webinar-category":[],"webinar-tag":[178],"class_list":["post-104552","webinar","type-webinar","status-publish","has-post-thumbnail","hentry","webinar-tag-macdrain"],"acf":{"session_avaible":[{"orario_di_inizio":"10:00:00","orario_di_fine":"11:30:00","fuso_orario":"UTC +2","lingua":"Fran\u00e7ais","register_to_session":"https:\/\/www2.maccaferri.com\/l\/965143\/2025-09-30\/5vbqb8"}],"webinar_file_download":"https:\/\/www2.maccaferri.com\/l\/965143\/2025-10-17\/5vf15k","prodotto_associato":"","data_webinar":"2025-10-17 10:00:00","post_public":true,"icon_webinar":2505,"speakers":[58914]},"yoast_head":"<!-- This site is optimized with the Yoast SEO Premium plugin v27.0 (Yoast SEO v27.0) - https:\/\/yoast.com\/product\/yoast-seo-premium-wordpress\/ -->\n<title>Etude de cas - La gestion du risque rocheux dans les Alpes de Haute Provence : des solutions adapt\u00e9es \u00e0 chaque probl\u00e9matique sur la RD 900 - Maccaferri France<\/title>\n<meta name=\"description\" content=\"Participez \u00e0 notre webinaire sur les solutions performantes pour les rev\u00eatements de grillages pour les risques naturels\" \/>\n<meta name=\"robots\" content=\"index, follow, max-snippet:-1, max-image-preview:large, max-video-preview:-1\" \/>\n<link rel=\"canonical\" href=\"https:\/\/www.maccaferri.com\/fr\/webinar\/etude-de-cas-la-gestion-du-risque-rocheux-dans-les-alpes-de-haute-provence-des-solutions-adaptees-a-chaque-problematique-sur-la-rd-900\/\" \/>\n<meta property=\"og:locale\" content=\"fr_FR\" \/>\n<meta property=\"og:type\" content=\"article\" \/>\n<meta property=\"og:title\" content=\"Etude de cas - La gestion du risque rocheux dans les Alpes de Haute Provence : des solutions adapt\u00e9es \u00e0 chaque probl\u00e9matique sur la RD 900\" \/>\n<meta property=\"og:description\" content=\"Participez \u00e0 notre webinaire sur les solutions performantes pour les rev\u00eatements de grillages pour les risques naturels\" \/>\n<meta property=\"og:url\" content=\"https:\/\/www.maccaferri.com\/fr\/webinar\/etude-de-cas-la-gestion-du-risque-rocheux-dans-les-alpes-de-haute-provence-des-solutions-adaptees-a-chaque-problematique-sur-la-rd-900\/\" \/>\n<meta property=\"og:site_name\" content=\"Maccaferri France\" \/>\n<meta property=\"article:modified_time\" content=\"2025-11-24T14:12:56+00:00\" \/>\n<meta property=\"og:image\" content=\"https:\/\/www.maccaferri.com\/fr\/wp-content\/uploads\/2025\/10\/Webinaire-17102025_2.png\" \/>\n\t<meta property=\"og:image:width\" content=\"1000\" \/>\n\t<meta property=\"og:image:height\" content=\"277\" \/>\n\t<meta property=\"og:image:type\" content=\"image\/png\" \/>\n<meta name=\"twitter:card\" content=\"summary_large_image\" \/>\n<meta name=\"twitter:label1\" content=\"Dur\u00e9e de lecture estim\u00e9e\" \/>\n\t<meta name=\"twitter:data1\" content=\"1 minute\" \/>\n<script type=\"application\/ld+json\" class=\"yoast-schema-graph\">{\"@context\":\"https:\/\/schema.org\",\"@graph\":[{\"@type\":\"WebPage\",\"@id\":\"https:\/\/www.maccaferri.com\/fr\/webinar\/etude-de-cas-la-gestion-du-risque-rocheux-dans-les-alpes-de-haute-provence-des-solutions-adaptees-a-chaque-problematique-sur-la-rd-900\/\",\"url\":\"https:\/\/www.maccaferri.com\/fr\/webinar\/etude-de-cas-la-gestion-du-risque-rocheux-dans-les-alpes-de-haute-provence-des-solutions-adaptees-a-chaque-problematique-sur-la-rd-900\/\",\"name\":\"Etude de cas - La gestion du risque rocheux dans les Alpes de Haute Provence : des solutions adapt\u00e9es \u00e0 chaque probl\u00e9matique sur la RD 900 - Maccaferri France\",\"isPartOf\":{\"@id\":\"https:\/\/www.maccaferri.com\/fr\/#website\"},\"primaryImageOfPage\":{\"@id\":\"https:\/\/www.maccaferri.com\/fr\/webinar\/etude-de-cas-la-gestion-du-risque-rocheux-dans-les-alpes-de-haute-provence-des-solutions-adaptees-a-chaque-problematique-sur-la-rd-900\/#primaryimage\"},\"image\":{\"@id\":\"https:\/\/www.maccaferri.com\/fr\/webinar\/etude-de-cas-la-gestion-du-risque-rocheux-dans-les-alpes-de-haute-provence-des-solutions-adaptees-a-chaque-problematique-sur-la-rd-900\/#primaryimage\"},\"thumbnailUrl\":\"https:\/\/www.maccaferri.com\/fr\/wp-content\/uploads\/2025\/10\/Webinaire-17102025_2.png\",\"datePublished\":\"2025-10-01T08:07:30+00:00\",\"dateModified\":\"2025-11-24T14:12:56+00:00\",\"description\":\"Participez \u00e0 notre webinaire sur les solutions performantes pour les rev\u00eatements de grillages pour les risques naturels\",\"breadcrumb\":{\"@id\":\"https:\/\/www.maccaferri.com\/fr\/webinar\/etude-de-cas-la-gestion-du-risque-rocheux-dans-les-alpes-de-haute-provence-des-solutions-adaptees-a-chaque-problematique-sur-la-rd-900\/#breadcrumb\"},\"inLanguage\":\"fr-FR\",\"potentialAction\":[{\"@type\":\"ReadAction\",\"target\":[\"https:\/\/www.maccaferri.com\/fr\/webinar\/etude-de-cas-la-gestion-du-risque-rocheux-dans-les-alpes-de-haute-provence-des-solutions-adaptees-a-chaque-problematique-sur-la-rd-900\/\"]}]},{\"@type\":\"ImageObject\",\"inLanguage\":\"fr-FR\",\"@id\":\"https:\/\/www.maccaferri.com\/fr\/webinar\/etude-de-cas-la-gestion-du-risque-rocheux-dans-les-alpes-de-haute-provence-des-solutions-adaptees-a-chaque-problematique-sur-la-rd-900\/#primaryimage\",\"url\":\"https:\/\/www.maccaferri.com\/fr\/wp-content\/uploads\/2025\/10\/Webinaire-17102025_2.png\",\"contentUrl\":\"https:\/\/www.maccaferri.com\/fr\/wp-content\/uploads\/2025\/10\/Webinaire-17102025_2.png\",\"width\":1000,\"height\":277},{\"@type\":\"BreadcrumbList\",\"@id\":\"https:\/\/www.maccaferri.com\/fr\/webinar\/etude-de-cas-la-gestion-du-risque-rocheux-dans-les-alpes-de-haute-provence-des-solutions-adaptees-a-chaque-problematique-sur-la-rd-900\/#breadcrumb\",\"itemListElement\":[{\"@type\":\"ListItem\",\"position\":1,\"name\":\"Home\",\"item\":\"https:\/\/www.maccaferri.com\/fr\/\"},{\"@type\":\"ListItem\",\"position\":2,\"name\":\"Webinar\",\"item\":\"https:\/\/www.maccaferri.com\/fr\/webinar\/\"},{\"@type\":\"ListItem\",\"position\":3,\"name\":\"Etude de cas &#8211; La gestion du risque rocheux dans les Alpes de Haute Provence : des solutions adapt\u00e9es \u00e0 chaque probl\u00e9matique sur la RD 900\"}]},{\"@type\":\"WebSite\",\"@id\":\"https:\/\/www.maccaferri.com\/fr\/#website\",\"url\":\"https:\/\/www.maccaferri.com\/fr\/\",\"name\":\"Maccaferri France\",\"description\":\"\",\"publisher\":{\"@id\":\"https:\/\/www.maccaferri.com\/fr\/#organization\"},\"potentialAction\":[{\"@type\":\"SearchAction\",\"target\":{\"@type\":\"EntryPoint\",\"urlTemplate\":\"https:\/\/www.maccaferri.com\/fr\/?s={search_term_string}\"},\"query-input\":{\"@type\":\"PropertyValueSpecification\",\"valueRequired\":true,\"valueName\":\"search_term_string\"}}],\"inLanguage\":\"fr-FR\"},{\"@type\":\"Organization\",\"@id\":\"https:\/\/www.maccaferri.com\/fr\/#organization\",\"name\":\"Maccaferri France\",\"url\":\"https:\/\/www.maccaferri.com\/fr\/\",\"logo\":{\"@type\":\"ImageObject\",\"inLanguage\":\"fr-FR\",\"@id\":\"https:\/\/www.maccaferri.com\/fr\/#\/schema\/logo\/image\/\",\"url\":\"https:\/\/www.maccaferri.com\/fr\/wp-content\/uploads\/2022\/07\/logo-maccaferri.png\",\"contentUrl\":\"https:\/\/www.maccaferri.com\/fr\/wp-content\/uploads\/2022\/07\/logo-maccaferri.png\",\"width\":152,\"height\":32,\"caption\":\"Maccaferri France\"},\"image\":{\"@id\":\"https:\/\/www.maccaferri.com\/fr\/#\/schema\/logo\/image\/\"}}]}<\/script>\n<!-- \/ Yoast SEO Premium plugin. -->","yoast_head_json":{"title":"Etude de cas - La gestion du risque rocheux dans les Alpes de Haute Provence : des solutions adapt\u00e9es \u00e0 chaque probl\u00e9matique sur la RD 900 - Maccaferri France","description":"Participez \u00e0 notre webinaire sur les solutions performantes pour les rev\u00eatements de grillages pour les risques naturels","robots":{"index":"index","follow":"follow","max-snippet":"max-snippet:-1","max-image-preview":"max-image-preview:large","max-video-preview":"max-video-preview:-1"},"canonical":"https:\/\/www.maccaferri.com\/fr\/webinar\/etude-de-cas-la-gestion-du-risque-rocheux-dans-les-alpes-de-haute-provence-des-solutions-adaptees-a-chaque-problematique-sur-la-rd-900\/","og_locale":"fr_FR","og_type":"article","og_title":"Etude de cas - La gestion du risque rocheux dans les Alpes de Haute Provence : des solutions adapt\u00e9es \u00e0 chaque probl\u00e9matique sur la RD 900","og_description":"Participez \u00e0 notre webinaire sur les solutions performantes pour les rev\u00eatements de grillages pour les risques naturels","og_url":"https:\/\/www.maccaferri.com\/fr\/webinar\/etude-de-cas-la-gestion-du-risque-rocheux-dans-les-alpes-de-haute-provence-des-solutions-adaptees-a-chaque-problematique-sur-la-rd-900\/","og_site_name":"Maccaferri France","article_modified_time":"2025-11-24T14:12:56+00:00","og_image":[{"width":1000,"height":277,"url":"https:\/\/www.maccaferri.com\/fr\/wp-content\/uploads\/2025\/10\/Webinaire-17102025_2.png","type":"image\/png"}],"twitter_card":"summary_large_image","twitter_misc":{"Dur\u00e9e de lecture estim\u00e9e":"1 minute"},"schema":{"@context":"https:\/\/schema.org","@graph":[{"@type":"WebPage","@id":"https:\/\/www.maccaferri.com\/fr\/webinar\/etude-de-cas-la-gestion-du-risque-rocheux-dans-les-alpes-de-haute-provence-des-solutions-adaptees-a-chaque-problematique-sur-la-rd-900\/","url":"https:\/\/www.maccaferri.com\/fr\/webinar\/etude-de-cas-la-gestion-du-risque-rocheux-dans-les-alpes-de-haute-provence-des-solutions-adaptees-a-chaque-problematique-sur-la-rd-900\/","name":"Etude de cas - La gestion du risque rocheux dans les Alpes de Haute Provence : des solutions adapt\u00e9es \u00e0 chaque probl\u00e9matique sur la RD 900 - Maccaferri France","isPartOf":{"@id":"https:\/\/www.maccaferri.com\/fr\/#website"},"primaryImageOfPage":{"@id":"https:\/\/www.maccaferri.com\/fr\/webinar\/etude-de-cas-la-gestion-du-risque-rocheux-dans-les-alpes-de-haute-provence-des-solutions-adaptees-a-chaque-problematique-sur-la-rd-900\/#primaryimage"},"image":{"@id":"https:\/\/www.maccaferri.com\/fr\/webinar\/etude-de-cas-la-gestion-du-risque-rocheux-dans-les-alpes-de-haute-provence-des-solutions-adaptees-a-chaque-problematique-sur-la-rd-900\/#primaryimage"},"thumbnailUrl":"https:\/\/www.maccaferri.com\/fr\/wp-content\/uploads\/2025\/10\/Webinaire-17102025_2.png","datePublished":"2025-10-01T08:07:30+00:00","dateModified":"2025-11-24T14:12:56+00:00","description":"Participez \u00e0 notre webinaire sur les solutions performantes pour les rev\u00eatements de grillages pour les risques naturels","breadcrumb":{"@id":"https:\/\/www.maccaferri.com\/fr\/webinar\/etude-de-cas-la-gestion-du-risque-rocheux-dans-les-alpes-de-haute-provence-des-solutions-adaptees-a-chaque-problematique-sur-la-rd-900\/#breadcrumb"},"inLanguage":"fr-FR","potentialAction":[{"@type":"ReadAction","target":["https:\/\/www.maccaferri.com\/fr\/webinar\/etude-de-cas-la-gestion-du-risque-rocheux-dans-les-alpes-de-haute-provence-des-solutions-adaptees-a-chaque-problematique-sur-la-rd-900\/"]}]},{"@type":"ImageObject","inLanguage":"fr-FR","@id":"https:\/\/www.maccaferri.com\/fr\/webinar\/etude-de-cas-la-gestion-du-risque-rocheux-dans-les-alpes-de-haute-provence-des-solutions-adaptees-a-chaque-problematique-sur-la-rd-900\/#primaryimage","url":"https:\/\/www.maccaferri.com\/fr\/wp-content\/uploads\/2025\/10\/Webinaire-17102025_2.png","contentUrl":"https:\/\/www.maccaferri.com\/fr\/wp-content\/uploads\/2025\/10\/Webinaire-17102025_2.png","width":1000,"height":277},{"@type":"BreadcrumbList","@id":"https:\/\/www.maccaferri.com\/fr\/webinar\/etude-de-cas-la-gestion-du-risque-rocheux-dans-les-alpes-de-haute-provence-des-solutions-adaptees-a-chaque-problematique-sur-la-rd-900\/#breadcrumb","itemListElement":[{"@type":"ListItem","position":1,"name":"Home","item":"https:\/\/www.maccaferri.com\/fr\/"},{"@type":"ListItem","position":2,"name":"Webinar","item":"https:\/\/www.maccaferri.com\/fr\/webinar\/"},{"@type":"ListItem","position":3,"name":"Etude de cas &#8211; La gestion du risque rocheux dans les Alpes de Haute Provence : des solutions adapt\u00e9es \u00e0 chaque probl\u00e9matique sur la RD 900"}]},{"@type":"WebSite","@id":"https:\/\/www.maccaferri.com\/fr\/#website","url":"https:\/\/www.maccaferri.com\/fr\/","name":"Maccaferri France","description":"","publisher":{"@id":"https:\/\/www.maccaferri.com\/fr\/#organization"},"potentialAction":[{"@type":"SearchAction","target":{"@type":"EntryPoint","urlTemplate":"https:\/\/www.maccaferri.com\/fr\/?s={search_term_string}"},"query-input":{"@type":"PropertyValueSpecification","valueRequired":true,"valueName":"search_term_string"}}],"inLanguage":"fr-FR"},{"@type":"Organization","@id":"https:\/\/www.maccaferri.com\/fr\/#organization","name":"Maccaferri France","url":"https:\/\/www.maccaferri.com\/fr\/","logo":{"@type":"ImageObject","inLanguage":"fr-FR","@id":"https:\/\/www.maccaferri.com\/fr\/#\/schema\/logo\/image\/","url":"https:\/\/www.maccaferri.com\/fr\/wp-content\/uploads\/2022\/07\/logo-maccaferri.png","contentUrl":"https:\/\/www.maccaferri.com\/fr\/wp-content\/uploads\/2022\/07\/logo-maccaferri.png","width":152,"height":32,"caption":"Maccaferri France"},"image":{"@id":"https:\/\/www.maccaferri.com\/fr\/#\/schema\/logo\/image\/"}}]}},"_links":{"self":[{"href":"https:\/\/www.maccaferri.com\/fr\/wp-json\/wp\/v2\/webinar\/104552","targetHints":{"allow":["GET"]}}],"collection":[{"href":"https:\/\/www.maccaferri.com\/fr\/wp-json\/wp\/v2\/webinar"}],"about":[{"href":"https:\/\/www.maccaferri.com\/fr\/wp-json\/wp\/v2\/types\/webinar"}],"acf:post":[{"embeddable":true,"href":"https:\/\/www.maccaferri.com\/fr\/wp-json\/wp\/v2\/speakers\/58914"}],"wp:featuredmedia":[{"embeddable":true,"href":"https:\/\/www.maccaferri.com\/fr\/wp-json\/wp\/v2\/media\/104555"}],"wp:attachment":[{"href":"https:\/\/www.maccaferri.com\/fr\/wp-json\/wp\/v2\/media?parent=104552"}],"wp:term":[{"taxonomy":"webinar-category","embeddable":true,"href":"https:\/\/www.maccaferri.com\/fr\/wp-json\/wp\/v2\/webinar-category?post=104552"},{"taxonomy":"webinar-tag","embeddable":true,"href":"https:\/\/www.maccaferri.com\/fr\/wp-json\/wp\/v2\/webinar-tag?post=104552"}],"curies":[{"name":"wp","href":"https:\/\/api.w.org\/{rel}","templated":true}]}}