{"id":61032,"date":"2024-01-24T18:18:40","date_gmt":"2024-01-24T17:18:40","guid":{"rendered":"https:\/\/www.maccaferri.com\/br\/?page_id=61032"},"modified":"2025-05-26T13:09:50","modified_gmt":"2025-05-26T11:09:50","slug":"politica-de-privacidade-lgpd","status":"publish","type":"page","link":"https:\/\/www.maccaferri.com\/br\/politica-de-privacidade-lgpd\/","title":{"rendered":""},"content":{"rendered":"<div class=\"wp-block-mac-h1-title-hero-block container-fluid block-txt-container\" style=\"background:linear-gradient(180deg,rgb(1,94,111) 0%,rgb(0,72,87) 100%)\"><div class=\"row\"><div class=\"col\"><div class=\"gts__picture\"><img style=\"display:none\" \/><div class=\"gts__picture__image\" style=\"background-image:url(undefined)\"><\/div><\/div><div class=\"container box-container\"><div class=\"row\"><div class=\"col title-box-txt\"><h1 class=\"wp-block-mac-h1-title-hero-block\" style=\"color:#ffffff;text-align:none\">POL\u00cdTICA DE PRIVACIDADE E DE PROTE\u00c7\u00c3O DE DADOS PESSOAIS<\/h1><\/div><\/div><\/div><\/div><\/div><\/div><div class=\"wp-block-mac-h2-title-block block-txt-container box-container\"><div class=\"row\"><div class=\"col title-box-txt\"><h2 style=\"color:#212429;text-align:none\">FORNECEDORES, CLIENTES E TERCEIROS<\/h2><\/div><\/div><\/div><div class=\"wp-block-mac-container-block box-container\"><div class=\"wp-block-columns is-layout-flex wp-container-core-columns-is-layout-9d6595d7 wp-block-columns-is-layout-flex\"><div class=\"wp-block-column is-layout-flow wp-block-column-is-layout-flow\"><div class=\"wp-block-mac-h4-title-block block-txt-container box-container\"><div class=\"row\"><div class=\"col title-box-txt\"><h4 style=\"color:#212429;text-align:left\">1. Introdu\u00e7\u00e3o<\/h4><\/div><\/div><\/div>\n\n<p>A <em>Pol\u00edtica de Privacidade e de Prote\u00e7\u00e3o de Dados<\/em> de fornecedores, clientes e terceiros (\u201cPol\u00edtica\u201d ou \u201cPol\u00edtica de Terceiros\u201d) da <strong>Grupo Maccaferri<\/strong> (\u201cEmpresa\u201d, \u201cMaccaferri\u201d ou\u201cControladora\u201d), foi criada para promover <strong>transpar\u00eancia<\/strong> aos interessados e \u00e0 toda a sociedade, demonstrar o seu <strong>compromisso <\/strong>com a seguran\u00e7a e a privacidade das informa\u00e7\u00f5es e dados pessoais coletados de seus fornecedores, clientes e terceiros (\u201cTitular\u201d, Fornecedores, Clientes<br>E Terceiros ou simplesmente \u201cvoc\u00ea\u201d ou \u201cseu\u201d) e auxiliar na realiza\u00e7\u00e3o da <strong>mudan\u00e7a cultural<\/strong> da pr\u00f3pria empresa.<\/p>\n\n<p>Uma Pol\u00edtica de Privacidade e de Prote\u00e7\u00e3o de Dados \u00e9 um documento criado por uma empresa ou outra organiza\u00e7\u00e3o social que reflete o conjunto de normas e pr\u00e1ticas adotadas em rela\u00e7\u00e3o aos dados pessoais de seus usu\u00e1rios, a fim de dar transpar\u00eancia e seguran\u00e7a \u00e0s rela\u00e7\u00f5es entre as partes e com terceiros interessados. <\/p>\n\n<p>Por isso, esta Pol\u00edtica esclarece, de forma clara e precisa, as condi\u00e7\u00f5es gerais de coleta, uso, armazenamento e demais formas de tratamento e de prote\u00e7\u00e3o de dados pessoais de seus fornecedores, clientes e terceiros nos processos, plataformas e aplicativos da Empresa, em conformidade com a Lei n\u00ba 13.709\/2018 (Lei Geral de Prote\u00e7\u00e3o de Dados Pessoais \u2013 \u201cLGPD\u201d), suas altera\u00e7\u00f5es e as demais normas de privacidade e prote\u00e7\u00e3o de dados pessoais vigentes no Brasil. Esta Pol\u00edtica, juntamente com as suas duas cong\u00eaneres, comp\u00f5em o sistema geral de privacidade e prote\u00e7\u00e3o de dados pessoais do grupo (O sistema normativo, t\u00e9cnico e procedimental de privacidade e prote\u00e7\u00e3o de dados pessoais do Grupo Maccaferri \u00e9 composto por quatro principais Pol\u00edticas espec\u00edficas, quais sejam: (i); Funcion\u00e1rios e Colaboradores (ii); Candidatos e (iii) Fornecedores, Terceiros e Clientes; (iv) Pol\u00edticas espec\u00edficas e setoriais, como aquelas de uso de equipamentos eletr\u00f4nicos e de e-mail.)<sup> <\/sup><\/p>\n\n<p>De forma espec\u00edfica, esta Pol\u00edtica tem os seguintes objetivos:<\/p>\n\n<ul class=\"wp-block-list\"><li>Formalizar as principais regras de privacidade e prote\u00e7\u00e3o de dados pessoais adotadas pela Empresa para facilitar sua observ\u00e2ncia e a respectiva fiscaliza\u00e7\u00e3o;<\/li>\n\n<li>Definir as obriga\u00e7\u00f5es e deveres dos Fornecedores\/Clientes\/Terceiros para com a promo\u00e7\u00e3o da privacidade e prote\u00e7\u00e3o dos dados pessoais dos Titulares;<\/li>\n\n<li>Informar sobre o tratamento de dados pessoais para fins de publicidade e de atendimento aos consumidores;<\/li>\n\n<li>Dar transpar\u00eancia aos Titulares, indicando:<\/li><\/ul>\n\n<ol class=\"wp-block-list\"><li><strong>a)<\/strong> quais dados s\u00e3o coletados e para quais finalidades;<\/li>\n\n<li><strong>b)<\/strong> os direitos em rela\u00e7\u00e3o ao uso dados coletados;<\/li>\n\n<li><strong>c)<\/strong> Indicar o caminho para entrar em contato com o Grupo\/Empresa.<\/li><\/ol>\n\n<p>Qualquer empresa do <strong>Grupo Maccaferri<\/strong>, com quem o Titular firmou o seu contrato (escrito ou verbal) ou instrumento similar, ou se relaciona, direta ou indiretamente, \u00e9, como regra, a <strong>controladora<\/strong> de seus dados pessoais. Para fins da legisla\u00e7\u00e3o aplic\u00e1vel, controlador \u00e9 aquele que define quais as finalidades e os meios de tratamento de dados pessoais. Todos os fornecedores, clientes e terceiros que celebram um contrato ou qualquer v\u00ednculo com a Empresa, est\u00e3o <strong><span style=\"text-decoration: underline\">cientes e concordam<\/span><\/strong> com os princ\u00edpios e disposi\u00e7\u00f5es desta Pol\u00edtica.<\/p>\n\n<p><strong><span style=\"text-decoration: underline\">Qualifica\u00e7\u00e3o da Sociedade Empresarial Controladora:<\/span><\/strong> Essa pol\u00edtica \u00e9 aplic\u00e1vel para as tr\u00eas empresas que comp\u00f5em o grupo, quais sejam:<br><\/p>\n\n<ol class=\"wp-block-list\"><li><ul><li><strong>Maccaferri do Brasil Ltda<\/strong>., pessoa jur\u00eddica de direito privado, inscrita no CNPJ\/MF sob o n.\u00ba 43.876.960\/0001-22, com sede na Av. Jos\u00e9 Benassi, 2601, Bairro Distrito Industrial Fazgran, Munic\u00edpio de Jundia\u00ed, Estado de S\u00e3o Paulo, CEP 13.213-085.<\/li><\/ul><ul class=\"wp-block-list\"><li><strong>Macservice Servi\u00e7os de Engenharia Ltda<\/strong>., pessoa jur\u00eddica de direito privado, inscrito no CNPJ\/MF sob o n.\u00ba 12.760.178\/0001-10, com sede na Av. Jos\u00e9 Benassi, 2601, Bairro Distrito Industrial Fazgran, Munic\u00edpio de Jundia\u00ed, Estado de S\u00e3o Paulo, CEP 13.213-85<\/li>\n\n<li><strong>Maccaferri Skaps Industria e Comercio de Artefatos Pl\u00e1sticos Ltda<\/strong>., pessoa jur\u00eddica de direito privado, inscrita no CNPJ\/MF sob o n.\u00ba 12.770.206\/0001-80, com sede na Av. Jos\u00e9 Benassi, 2601, Bairro Distrito Industrial Fazgran, Munic\u00edpio de Jundia\u00ed, Estado de S\u00e3o Paulo, CEP 13.213-085.<\/li><\/ul><\/li><\/ol>\n\n<p><strong>Observa\u00e7\u00f5es:<\/strong> Esta Pol\u00edtica foi atualizada pela \u00faltima vez em 01\/03\/2023. Para mais informa\u00e7\u00f5es acerca do tratamento de dados pessoais, entre em contato com o Encarregado atrav\u00e9s do e-mail: dpo.br@maccaferri.com. <\/p>\n\n<div class=\"wp-block-mac-h4-title-block block-txt-container box-container\"><div class=\"row\"><div class=\"col title-box-txt\"><h4 style=\"color:#212429;text-align:left\">2. Conceitos e defini\u00e7\u00f5es importantes<\/h4><\/div><\/div><\/div>\n\n<ul class=\"wp-block-list\"><li><strong>dado pessoal:<\/strong> informa\u00e7\u00e3o relacionada a pessoa natural identificada ou identific\u00e1vel;<\/li>\n\n<li><strong>dado pessoal sens\u00edvel:<\/strong> dado pessoal sobre origem racial ou \u00e9tnica, convic\u00e7\u00e3o religiosa, opini\u00e3o pol\u00edtica, filia\u00e7\u00e3o a sindicato ou a organiza\u00e7\u00e3o de car\u00e1ter religioso, filos\u00f3fico ou pol\u00edtico, dado referente \u00e0 sa\u00fade ou \u00e0 vida sexual, dado gen\u00e9tico ou biom\u00e9trico, quando vinculado a uma pessoa natural;<\/li>\n\n<li><strong>tratamento:<\/strong> toda opera\u00e7\u00e3o realizada com dados pessoais, como as que se referem a coleta, produ\u00e7\u00e3o, recep\u00e7\u00e3o, classifica\u00e7\u00e3o, utiliza\u00e7\u00e3o, acesso, reprodu\u00e7\u00e3o, transmiss\u00e3o, distribui\u00e7\u00e3o, processamento, arquivamento, armazenamento, elimina\u00e7\u00e3o, avalia\u00e7\u00e3o ou controle da informa\u00e7\u00e3o, modifica\u00e7\u00e3o, comunica\u00e7\u00e3o, transfer\u00eancia, difus\u00e3o ou extra\u00e7\u00e3o;<\/li>\n\n<li><strong>banco de dados:<\/strong> conjunto estruturado de dados pessoais, estabelecido em um ou em v\u00e1rios locais, em suporte eletr\u00f4nico ou f\u00edsico;<\/li>\n\n<li><strong>titular:<\/strong> pessoa natural a quem se referem os dados pessoais que s\u00e3o objeto de tratamento;<\/li>\n\n<li><strong>consentimento: <\/strong>manifesta\u00e7\u00e3o livre, informada e inequ\u00edvoca pela qual o titular concorda com o tratamento de seus dados pessoais para uma finalidade determinada;<\/li>\n\n<li><strong>controlador:<\/strong> pessoa natural ou jur\u00eddica, de direito p\u00fablico ou privado, a quem competem as decis\u00f5es referentes ao tratamento de dados pessoais;<\/li>\n\n<li><strong>operador:<\/strong> pessoa natural ou jur\u00eddica, de direito p\u00fablico ou privado, que realiza o tratamento de dados pessoais em nome do controlador;<\/li>\n\n<li><strong>encarregado: <\/strong>pessoa indicada pelo controlador e operador para atuar como canal de comunica\u00e7\u00e3o entre o controlador, os titulares dos dados e a Autoridade Nacional de Prote\u00e7\u00e3o de Dados (ANPD).<\/li><\/ul>\n\n<div class=\"wp-block-mac-h4-title-block block-txt-container box-container\"><div class=\"row\"><div class=\"col title-box-txt\"><h4 style=\"color:#212429;text-align:left\">3. Dados e informa\u00e7\u00f5es pessoais coletadas<\/h4><\/div><\/div><\/div>\n\n<ul class=\"wp-block-list\"><li><strong>Informa\u00e7\u00f5es Cadastrais &#8211;<\/strong> Ao demonstrar interesse em prestar servi\u00e7os, adquirir produtos e servi\u00e7os ou firmar parceria com a Empresa, alguns dados b\u00e1sicos ser\u00e3o coletados, seja diretamente de voc\u00ea, por meio da pessoa jur\u00eddica na qual voc\u00ea est\u00e1 vinculado ou por outra fonte de acesso p\u00fablico de informa\u00e7\u00e3o:<\/li><\/ul>\n\n<ol class=\"wp-block-list\"><li>\u25cf nome completo,<\/li>\n\n<li>\u25cf atividade profissional,<\/li>\n\n<li>\u25cf empresa e setor onde trabalha,<\/li>\n\n<li>\u25cf n\u00famero do CPF, RG, CNH, passaporte e\/ou PIS\/PASEP;<\/li>\n\n<li>\u25cf dados de endere\u00e7o residencial e\/ou comercial; <\/li>\n\n<li>\u25cf telefone de contato,<\/li>\n\n<li>\u25cf endere\u00e7o de e-mail,<\/li>\n\n<li>\u25cf nacionalidade,<\/li>\n\n<li>\u25cf estado civil,<\/li>\n\n<li>\u25cf dentre outros dados de identifica\u00e7\u00e3o ou necess\u00e1rios para o gerenciamento da rela\u00e7\u00e3o com a Empresa, estipulado, por exemplo, no contrato comercial ou de presta\u00e7\u00e3o de servi\u00e7os.<\/li><\/ol>\n\n<ul class=\"wp-block-list\"><li>Informa\u00e7\u00f5es cadastrais constantes do quadro societ\u00e1rio\/acion\u00e1rio de Fornecedor\/Cliente\/Terceiro podem ser coletadas diretamente do Fornecedor\/Cliente\/Terceiro ou de <strong>fontes externas de acesso geral e p\u00fablico<\/strong> (ex: as plataformas das juntas comerciais).<\/li>\n\n<li><strong>Dados financeiros:<\/strong><\/li><\/ul>\n\n<ol class=\"wp-block-list\"><li>\u25cf refer\u00eancias comerciais;<\/li>\n\n<li>\u25cf imposto de renda.<\/li><\/ol>\n\n<ul class=\"wp-block-list\"><li><strong>Filia\u00e7\u00e3o:<\/strong> Em raz\u00e3o da pol\u00edtica de coleta m\u00ednima de dados, como regra, a Empresa n\u00e3o trata o (i) nome do seu pai e (ii) o nome da sua m\u00e3e. Caso tais dados sejam necess\u00e1rios para alguma atividade espec\u00edfica, ele dever\u00e1 ser fornecido diretamente por voc\u00ea e ser\u00e1 usado de forma exclusiva para os fins pretendidos;<\/li>\n\n<li><strong>Imagens e outros dados para fins de seguran\u00e7a<\/strong>: A Empresa possui c\u00e2meras de monitoramento em diversas \u00e1reas de seu estabelecimento e, por isso, sua imagem ser\u00e1 capturada. O objetivo dessas filmagens \u00e9 promover a seguran\u00e7a patrimonial da Empresa e seus colaboradores. Nessa linha, outros dados como \u201cdescri\u00e7\u00e3o de ocorr\u00eancias\u201d e \u201cmedidas tomadas\u201d poder\u00e3o ser coletadas em caso de incidentes na Empresa.<\/li>\n\n<li><strong>Dados acad\u00eamicos:<\/strong> por meio de fornecimento direto do pr\u00f3prio Titular, da institui\u00e7\u00e3o a qual est\u00e1 vinculado ou por meio de bancos de dados p\u00fablicos, a Empresa poder\u00e1 coletar os seguintes dados pessoais:<\/li><\/ul>\n\n<ol class=\"wp-block-list\"><li>\u25cf objeto de pesquisa em desenvolvimento;<\/li>\n\n<li>\u25cf nome do orientador ou supervisor de pesquisa;<\/li>\n\n<li>\u25cf institui\u00e7\u00e3o de pesquisa, fun\u00e7\u00e3o e cargo na institui\u00e7\u00e3o de pesquisa;<\/li>\n\n<li>\u25cf curr\u00edculo lattes.<\/li><\/ol>\n\n<ul class=\"wp-block-list\"><li><strong>Caracter\u00edsticas Pessoais e Informa\u00e7\u00f5es Complementares:<\/strong> a Empresa poder\u00e1 tamb\u00e9m tratar (i) g\u00eanero; (ii) idade; (iii) data e local de nascimento; (iv) informa\u00e7\u00f5es dispon\u00edveis em m\u00eddias sociais, dentre outras informa\u00e7\u00f5es que possam surgir de necessidades espec\u00edficas, especialmente em eventual processo de auditoria ou <em>due diligence<\/em>;<\/li>\n\n<li>A Pol\u00edtica busca informar os <strong>dados e os usos poss\u00edveis aplic\u00e1veis no cotidiano das atividades da Empresa<\/strong>, com a maior exatid\u00e3o poss\u00edvel, e, por isso, diversos dados pessoais foram mencionados. Contudo, vale pontuar que a Empresa est\u00e1 <strong>constantemente reavaliando<\/strong> seus processos e procedimentos para, sempre que poss\u00edvel, um <strong>n\u00famero m\u00ednimo<\/strong> de seus dados pessoais seja tratado.<\/li><\/ul>\n\n<div class=\"wp-block-mac-h4-title-block block-txt-container box-container\"><div class=\"row\"><div class=\"col title-box-txt\"><h4 style=\"color:#212429;text-align:left\">4. Tratamento dos dados pessoais<\/h4><\/div><\/div><\/div>\n\n<ol class=\"wp-block-list\"><li><strong>4.1 Finalidades da coleta e do uso dos dados pessoais<\/strong><\/li><\/ol>\n\n<p>No geral, os dados dos Fornecedor\/Cliente\/Terceiro s\u00e3o coletados e utilizados pela Empresa apenas para quest\u00f5es cadastrais, de controle patrimonial, log\u00edstica, gerenciamento da rela\u00e7\u00e3o comercial ou de parceria, oferecimento de um bom atendimento e para persecu\u00e7\u00e3o de seu objeto social, nos seguintes termos:<\/p>\n\n<ol class=\"wp-block-list\"><li>\u25cf Cadastro e manuten\u00e7\u00e3o do cadastro do Fornecedor\/Cliente\/Terceiro junto \u00e0 Empresa;<\/li>\n\n<li>\u25cf Envio de comunica\u00e7\u00f5es corporativas e individuais;<\/li>\n\n<li>\u25cf Eventual realiza\u00e7\u00e3o de auditoria no Fornecedor\/Cliente\/Terceiro para verificar poss\u00edveis restri\u00e7\u00f5es e a qualidade de processos;<\/li>\n\n<li>\u25cf Gest\u00e3o e elabora\u00e7\u00e3o de contratos e outros documentos corporativos;<\/li>\n\n<li>\u25cf Gest\u00e3o de benef\u00edcios e presta\u00e7\u00e3o de assist\u00eancia, conforme aplic\u00e1vel;<\/li>\n\n<li>\u25cf Gest\u00e3o de despesas e receitas corporativas, incluindo viagens corporativas;<\/li>\n\n<li>\u25cf Gest\u00e3o das estrat\u00e9gias de capta\u00e7\u00e3o e manuten\u00e7\u00e3o de clientes;<\/li>\n\n<li>\u25cf Gest\u00e3o de acesso do Fornecedor\/Cliente\/Terceiro aos sistemas da Empresa que ele\/ela precisa ter acesso para prestar os servi\u00e7os ou concluir a opera\u00e7\u00e3o de compra e venda;<\/li>\n\n<li>\u25cf Gest\u00e3o de canais de atendimento e canal de den\u00fancias;<\/li>\n\n<li>\u25cf Oferecer e gerenciar informativos sobre os produtos vendidos, bem como de possibilidades de neg\u00f3cio;<\/li>\n\n<li>\u25cf Gerenciamento das atividades dos Representantes Comerciais;<\/li>\n\n<li>\u25cf Movimenta\u00e7\u00e3o e manuten\u00e7\u00e3o de bens destinados aos processos produtivo e\/ou infraestrutura corporativa;<\/li>\n\n<li>\u25cf Movimenta\u00e7\u00e3o e teste de mercadorias;<\/li>\n\n<li>\u25cf Controle de altera\u00e7\u00f5es e qualidade de produtos;<\/li>\n\n<li>\u25cf Processamento do valor a pagar em contrapresta\u00e7\u00e3o pela atividade (compra, venda, frete ou servi\u00e7o prestado) pelo Fornecedor\/Cliente\/Terceiro;<\/li>\n\n<li>\u25cf Troca de produtos;<\/li>\n\n<li>\u25cf Avalia\u00e7\u00e3o e resolu\u00e7\u00e3o de um caso de desconto indevido nos cart\u00f5es de cr\u00e9dito\/d\u00e9bito;<\/li>\n\n<li>\u25cf Cumprimento de obriga\u00e7\u00e3o legal ou regulat\u00f3ria, tais como obriga\u00e7\u00f5es fiscais;<\/li>\n\n<li>\u25cf Realiza\u00e7\u00e3o de eventos;<\/li>\n\n<li>\u25cf Pesquisa de satisfa\u00e7\u00e3o;<\/li>\n\n<li>\u25cf Organiza\u00e7\u00e3o de treinamentos;<\/li>\n\n<li>\u25cf An\u00e1lise e permiss\u00e3o de acesso dos Fornecedores\/Cliente\/Terceiros (incluindo ve\u00edculos e equipamentos dos Fornecedores\/Cliente\/Terceiros) \u00e0s depend\u00eancias da Empresa;<\/li>\n\n<li>\u25cf Credenciamento do Fornecedores\/Cliente\/Terceiros para uso dos servi\u00e7os dispon\u00edveis nas depend\u00eancias da Empresa, tais como restaurante e transporte interno e externo;<\/li>\n\n<li>\u25cf Gest\u00e3o do uso dos transportes dentro das depend\u00eancias da Empresa e fora das depend\u00eancias da Empresa pelo Fornecedores\/Cliente\/Terceiros (por exemplo, an\u00e1lise do endere\u00e7o residencial para verificar se est\u00e1 dentro da rota);<\/li>\n\n<li>\u25cf Regulariza\u00e7\u00e3o e gest\u00e3o de sinistros;<\/li>\n\n<li>\u25cf Gest\u00e3o do ambiente e seguran\u00e7a corporativa e do trabalho nas depend\u00eancias da Empresa;<\/li>\n\n<li>\u25cf Gest\u00e3o de atividades da seguran\u00e7a patrimonial nas depend\u00eancias da Empresa, o que inclui, mas n\u00e3o se limita ao registro no banco de dados de comportamentos inadequados, que podem causar preju\u00edzo na Empresa, apura\u00e7\u00e3o de irregularidades que envolvam o patrim\u00f4nio tang\u00edvel e intang\u00edvel da Empresa etc.;<\/li>\n\n<li>\u25cf Utiliza\u00e7\u00e3o em processos judiciais, administrativos ou arbitrais, conforme necess\u00e1rio;<\/li>\n\n<li>\u25cf Gest\u00e3o de riscos financeiros e an\u00e1lise de cr\u00e9ditos;<\/li>\n\n<li>\u25cf Gerenciamento do servi\u00e7o de fornecimento de alimenta\u00e7\u00e3o;<\/li>\n\n<li>\u25cf Criar, desenvolver e aprimorar os servi\u00e7os e produtos que constituem o objeto social da Empresa;<\/li>\n\n<li>\u25cf Controle dos processos de pesquisa e desenvolvimentos de produtos e servi\u00e7os;<\/li>\n\n<li>\u25cf Gerenciar as parcerias com outras institui\u00e7\u00f5es e demais atores envolvidos nos processos de pesquisa e desenvolvimentos de produtos e servi\u00e7os;<\/li>\n\n<li>\u25cf Gest\u00e3o de opera\u00e7\u00f5es tribut\u00e1rias.<\/li><\/ol>\n\n<ol class=\"wp-block-list\"><li><strong>4.2.<\/strong> <strong>Finalidades de natureza publicit\u00e1ria e de aprimoramento da rela\u00e7\u00e3o com o cliente<\/strong><\/li><\/ol>\n\n<p>Para exercer suas atividades de marketing, publicidade e de gest\u00e3o de relacionamento com o cliente (Customer Relationship Management &#8211; CRM), a Empresa coleta alguns dados cadastrais (vide item 3 desta Pol\u00edtica) fornecidos diretamente por voc\u00ea ou por meio de terceiros.Nesse \u00faltimo caso, a Empresa recebe os dados oriundos de eventos de engenharia e\/ou congressos, sempre cuidando para que isso ocorra de forma transparente e em conformidade com a LGPD (vide itens 6 e 7 desta Pol\u00edtica).<\/p>\n\n<p>Esses dados s\u00e3o coletados para:<\/p>\n\n<ol class=\"wp-block-list\"><li>\u25cf Defini\u00e7\u00e3o dos \u201csuspects\u201d e \u201cprospects\u201d;<\/li>\n\n<li>\u25cf Capta\u00e7\u00e3o de \u201cleads\u201d;<\/li>\n\n<li>\u25cf Qualifica\u00e7\u00e3o de \u201cleads\u201d;<\/li>\n\n<li>\u25cf Personaliza\u00e7\u00e3o das a\u00e7\u00f5es de promo\u00e7\u00e3o para categorias de clientes e interessados;<\/li>\n\n<li>\u25cf Cria\u00e7\u00e3o de campanhas e listas de marketing;<\/li>\n\n<li>\u25cf Direcionamento de conte\u00fado t\u00e9cnico, promo\u00e7\u00f5es e novidades, inclusive em m\u00eddias sociais;<\/li>\n\n<li>\u25cf Gest\u00e3o do relacionamento com os clientes e cria\u00e7\u00e3o de estrat\u00e9gias de melhoria do atendimento;<\/li>\n\n<li>\u25cf Constru\u00e7\u00e3o do hist\u00f3rico de atendimento;<\/li>\n\n<li>\u25cf Identifica\u00e7\u00e3o de necessidades e tend\u00eancias de mercado<\/li><\/ol>\n\n<p>Ao entrar em contato com a Empresa por algum meio de comunica\u00e7\u00e3o, especialmente pelos campos de nossos websites ou pelas m\u00eddias sociais, voc\u00ea poder\u00e1 receber informa\u00e7\u00f5es relevantes ou mesmo o contato de algum colaborador a fim de auxili\u00e1-lo da melhor forma poss\u00edvel, al\u00e9m de utilizarmos essas informa\u00e7\u00f5es para as finalidades descritas acima. Tamb\u00e9m \u00e9 poss\u00edvel assinar nossa newsletter para receber novidades e conte\u00fados informativos. Em todos esses casos, sempre \u00e9 poss\u00edvel nos contatar para cancelar o cadastro (opt-out) ou obter informa\u00e7\u00f5es de transpar\u00eancia (vide item 9 desta Pol\u00edtica).<\/p>\n\n<ol class=\"wp-block-list\"><li><strong>4.3. Leg\u00edtimo Interesse<\/strong><\/li><\/ol>\n\n<p>As bases legais s\u00e3o os fundamentos jur\u00eddicos para o tratamento de dados pessoais. A LGPD autoriza o tratamento de dados com base no leg\u00edtimo interesse da Empresa. Essa opera\u00e7\u00e3o precisa, no entanto, ser realizada com cautela e com base nos dados estritamente necess\u00e1rios para as finalidades pretendidas.<br>O Grupo Maccaferri evita a utiliza\u00e7\u00e3o dessa base legal, mas ela poder\u00e1 ser utilizada em alguns casos, especialmente para atender algum interesse do Titular ou para a\u00e7\u00f5es de publicidade leg\u00edtimas, tal como para avisar nossos clientes de descontos ou novos produtos que tenham demonstrado interesse. De qualquer forma, sempre \u00e9 poss\u00edvel que o Titular entre em contato para solicitar sua oposi\u00e7\u00e3o a esse tratamento ou obter maiores informa\u00e7\u00f5es.<\/p>\n\n<ol class=\"wp-block-list\"><li><strong>4.4. Per\u00edodo de armazenamento e tratamento<\/strong><\/li><\/ol>\n\n<p>Armazenamos, com mecanismos de seguran\u00e7a, suas informa\u00e7\u00f5es:<\/p>\n\n<ol class=\"wp-block-list\"><li><strong>i. <\/strong>pelo tempo exigido por lei;<\/li>\n\n<li><strong>ii. <\/strong>at\u00e9 o t\u00e9rmino do tratamento de dados pessoais, conforme mencionado abaixo;<\/li>\n\n<li><strong>iii. <\/strong>pelo tempo necess\u00e1rio a preservar o leg\u00edtimo interesse da Empresa e seus parceiros comerciais, conforme o caso.<\/li><\/ol>\n\n<p>Dessa forma, os dados e informa\u00e7\u00f5es pessoais permanecem armazenados, por exemplo, durante os prazos prescricionais aplic\u00e1veis ou enquanto necess\u00e1rio para cumprimento de obriga\u00e7\u00e3o legal ou regulat\u00f3ria.<\/p>\n\n<p>O <strong>t\u00e9rmino do tratamento de dados <\/strong>pessoais ocorrer\u00e1 nos seguintes casos:<\/p>\n\n<ol class=\"wp-block-list\"><li><strong>i.<\/strong> Quando a finalidade pela qual os dados pessoais foram coletados for alcan\u00e7ada e\/ou os dados pessoais coletados deixarem de ser necess\u00e1rios ou pertinentes ao alcance de tal finalidade;<\/li>\n\n<li><strong>ii.<\/strong> Quando o Fornecedores\/Cliente\/Terceiros estiver em seu direito de solicitar o t\u00e9rmino do tratamento e a exclus\u00e3o de seus dados pessoais e o fizer;<\/li>\n\n<li><strong>iii.<\/strong> Quando houver uma determina\u00e7\u00e3o legal neste sentido.<\/li><\/ol>\n\n<p>Nesses casos de t\u00e9rmino de tratamento de dados pessoais, ressalvadas as hip\u00f3teses estabelecidas pela legisla\u00e7\u00e3o aplic\u00e1vel, exist\u00eancia de leg\u00edtimo interesse ou pela presente Pol\u00edtica de Privacidade, os dados pessoais ser\u00e3o <strong>eliminados<\/strong>.<\/p>\n\n<ol class=\"wp-block-list\"><li><strong>4.5. Compartilhamento e transfer\u00eancia dos dados pessoais<\/strong><\/li><\/ol>\n\n<p>A Empresa poder\u00e1 compartilhar seus dados pessoais com outras empresas de seu grupo econ\u00f4mico e\/ou filiais, com terceiros ou parceiros de neg\u00f3cios, que sejam relevantes para fins de uso de servi\u00e7os de tecnologia da informa\u00e7\u00e3o, gest\u00e3o do contrato, realiza\u00e7\u00e3o de seu objeto social, exig\u00eancia legal, regulat\u00f3ria ou judicial por parte do Poder P\u00fablico etc. Tal compartilhamento ocorre com base nos seguintes crit\u00e9rios e finalidades:<\/p>\n\n<ol class=\"wp-block-list\"><li>\u25cf Com outras empresas do grupo econ\u00f4mico e filiais, para fins de gest\u00e3o e execu\u00e7\u00e3o do contrato firmado;<\/li>\n\n<li>\u25cf Bureaus de cr\u00e9dito, rede social e bases de dados dispon\u00edveis publicamente para fins de consultas em geral, at\u00e9 mesmo em casos de processos de auditoria;<\/li>\n\n<li>\u25cf Provedores de softwares e outras tecnologias necess\u00e1rias para fins de gerenciamento dos sistemas e neg\u00f3cios da Empresa;<\/li>\n\n<li>\u25cf Prestadores de servi\u00e7os de seguran\u00e7a para fins de seguran\u00e7a patrimonial e corporativa nas depend\u00eancias da Empresa;<\/li>\n\n<li>\u25cf Empresas que realizam a presta\u00e7\u00e3o dos servi\u00e7os de transporte fretado para que o Fornecedores\/Cliente\/Terceiros possa usufruir desse servi\u00e7o dentro da Empresa e fora dela (se estiver na rota predefinida) e ag\u00eancias de viagem\/log\u00edstica para organiza\u00e7\u00e3o de viagens corporativas em nome da Empresa;<\/li>\n\n<li>\u25cf Empresas que realizam a presta\u00e7\u00e3o dos servi\u00e7os de alimenta\u00e7\u00e3o para que o Fornecedores\/Cliente\/Terceiros possa usufruir desse servi\u00e7o dentro da Empresa;<\/li>\n\n<li>\u25cf Outros prestadores de servi\u00e7o que podem ser acionados pontualmente e conforme a necessidade da Fornecedores\/Cliente\/Terceiros de atender os seus interesses, cumprir com obriga\u00e7\u00f5es legais ou regulat\u00f3rias as quais est\u00e1 sujeita, tais como escrit\u00f3rios de advocacia, empresas de auditorias ou consultorias;<\/li><\/ol>\n\n<p>A Empresa ainda poder\u00e1 compartilhar os dados pessoais com terceiros (incluindo \u00f3rg\u00e3os governamentais) a fim de responder a investiga\u00e7\u00f5es, medidas judiciais, processos judiciais ou investigar, impedir ou adotar medidas acerca de atividades ilegais, suspeita de fraude ou situa\u00e7\u00f5es que envolvam amea\u00e7as em potencial \u00e0 seguran\u00e7a f\u00edsica de qualquer pessoa ou se de outra maneira exigido pela legisla\u00e7\u00e3o.<\/p>\n\n<p>Se a Empresa estiver envolvida em uma fus\u00e3o, aquisi\u00e7\u00e3o ou venda de todos ou de parte de seus ativos, os dados pessoais dos Titulares poder\u00e3o ser transferidos para a empresa ou pessoa adquirente, desde que esta esteja em conformidade com as regras estabelecidas no sistema normativo, t\u00e9cnico e procedimental de privacidade e prote\u00e7\u00e3o de dados pessoais da Empresa e com a Lei Geral de Prote\u00e7\u00e3o de Dados. Em circunst\u00e2ncias nas quais a identidade do controlador dos dados pessoais se alterar como resultado de qualquer transa\u00e7\u00e3o, o Titular ser\u00e1 notificado de quaisquer escolhas que possa ter acerca de seus dados pessoais.<\/p>\n\n<ol class=\"wp-block-list\"><li><strong>4.5.1. Compartilhamento de dados financeiros com bureaus de cr\u00e9dito<\/strong><\/li><\/ol>\n\n<p>Por for\u00e7a da <strong>Lei do Cadastro Positivo<\/strong> (Lei Nacional n\u00ba 12.414\/2011) e seu Decreto regulamentar n\u00ba 9.936\/2019, \u00e9 dever da Empresa fornecer informa\u00e7\u00f5es financeiras aos gestores de bancos de dados de prote\u00e7\u00e3o ao cr\u00e9dito (bureaus de cr\u00e9dito), quando por eles solicitados (art. 8\u00ba da 12.414\/2011 e art.15 do Decreto). Conforme o art. 17 do Decreto n\u00ba 9.936\/2019, os dados que dever\u00e3o ser compartilhados s\u00e3o:<\/p>\n\n<ol class=\"wp-block-list\"><li><strong>I) dados cadastrais:<\/strong><ol class=\"wp-block-list\"><li>a) nome do cadastrado;<\/li>\n\n<li>b) CPF\/CNPJ do cadastrado;<\/li>\n\n<li>c) endere\u00e7o residencial ou comercial do cadastrado;<\/li>\n\n<li>d) endere\u00e7o eletr\u00f4nico do cadastrado, quando houver; e<\/li>\n\n<li>e) telefone do cadastrado;<\/li><\/ol><\/li><\/ol>\n\n<ol class=\"wp-block-list\"><li><strong>II) informa\u00e7\u00f5es de adimplemento e dados financeiros:<\/strong><ol class=\"wp-block-list\"><li>a) natureza da rela\u00e7\u00e3o:<ol class=\"wp-block-list\"><li>1. credit\u00edcia;<\/li>\n\n<li>2. comercial;<\/li>\n\n<li>3. de servi\u00e7o continuado; ou<\/li>\n\n<li>4. outra a ser definida;<\/li><\/ol><\/li><\/ol><\/li><\/ol>\n\n<ol class=\"wp-block-list\"><li>b) data de in\u00edcio da concess\u00e3o do cr\u00e9dito ou da assun\u00e7\u00e3o da obriga\u00e7\u00e3o de pagamento;<\/li>\n\n<li>c) valor do cr\u00e9dito concedido ou, quando for poss\u00edvel definir, da obriga\u00e7\u00e3o assumida;<\/li>\n\n<li>d) datas de pagamentos a vencer;<\/li>\n\n<li>e) valores de pagamentos a vencer;<\/li>\n\n<li>f) datas de vencimento pret\u00e9ritas;<\/li>\n\n<li>g) valores devidos nas datas de vencimento pret\u00e9ritas;<\/li>\n\n<li>h) datas dos pagamentos realizados, mesmo que parciais; e<\/li>\n\n<li>i) valores dos pagamentos realizados, mesmo que parciais.<\/li><\/ol>\n\n<p>Esses dados dever\u00e3o ser encaminhados para todas aquelas bureaus que solicitarem. Contudo, as duas institui\u00e7\u00f5es que mais demandam essas informa\u00e7\u00f5es no contexto atual da Empresa s\u00e3o:<\/p>\n\n<ul class=\"wp-block-list\"><li><strong>Serasa Experian SP <\/strong>&#8211; CNPJ 62.173.620\/0001-80<ul class=\"wp-block-list\"><li>Pol\u00edtica de Privacidade dispon\u00edvel em: <em><span style=\"text-decoration: underline\">Termos de uso e Pol\u00edtica de Privacidade da Serasa<\/span><\/em><\/li><\/ul><\/li>\n\n<li><strong>Boa Vista Servi\u00e7os S.A<\/strong>. &#8211; CNPJ 11.725.176\/0001-27<ul class=\"wp-block-list\"><li>Pol\u00edtica de Privacidade dispon\u00edvel em: <em><span style=\"text-decoration: underline\">Pol\u00edtica de Privacidade &#8211; BoaVista SCPC (boavistaservicos.com.br)<\/span><\/em><\/li><\/ul><\/li><\/ul>\n\n<p>Salvo nos casos de dolo ou culpa direta, ap\u00f3s a transfer\u00eancia desses dados, a Empresa <strong>se exime de quaisquer responsabilidades<\/strong> por eventuais danos e\/ou preju\u00edzos decorrentes de falhas, v\u00edrus ou invas\u00f5es relacionadas a essas informa\u00e7\u00f5es, bem como decorrentes do mau uso e tratamento desses dados pessoais. Vale esclarecer, no entanto, que a Empresa trabalha constantemente para que essas <strong>transfer\u00eancias sejam realizadas da forma mais segura poss\u00edvel<\/strong>, inclusive por meio da cobran\u00e7a direta das bureaus de cr\u00e9dito para com a conformidade com a legisla\u00e7\u00e3o.<\/p>\n\n<p>Voc\u00ea tem a possibilidade de exercer seus direitos relativos aos seus dados pessoais diretamente perante a bureau de cr\u00e9dito, bem como se opor ao cadastro positivo (art. 5\u00ba, I, da Lei Nacional n\u00ba 12.414\/2011). Nesses casos, entrar em contato por meio dos canais de atendimento dispon\u00edveis nos endere\u00e7os eletr\u00f4nicos dessas institui\u00e7\u00f5es. Apesar disso, caso precise de orienta\u00e7\u00f5es, o <strong>Grupo Maccaferri<\/strong> est\u00e1 \u00e0 disposi\u00e7\u00e3o para fornecer os esclarecimentos e o aux\u00edlio necess\u00e1rio por meio de nossos canais de comunica\u00e7\u00e3o.<\/p>\n\n<div class=\"wp-block-mac-h4-title-block block-txt-container box-container\"><div class=\"row\"><div class=\"col title-box-txt\"><h4 style=\"color:#212429;text-align:left\">5. Transfer\u00eancia internacional de dados<\/h4><\/div><\/div><\/div>\n\n<p>O <strong>Grupo Maccaferri<\/strong> poder\u00e1 transferir alguns de seus dados pessoais a prestadores de servi\u00e7os localizados no exterior, incluindo prestadores de servi\u00e7os em nuvem. Os servi\u00e7os dessa natureza ocorrem em parceria com a Microsoft:<\/p>\n\n<ul class=\"wp-block-list\"><li><strong>Pol\u00edtica de Privacidade e Prote\u00e7\u00e3o de Dados da Microsoft<\/strong>: <a href=\"https:\/\/privacy.microsoft.com\/pt-br\/privacystatement\" target=\"_blank\" rel=\"noreferrer noopener\">https:\/\/privacy.microsoft.com\/pt-br\/privacystatement<\/a><\/li>\n\n<li><strong>Recomenda\u00e7\u00f5es de pol\u00edtica para proteger SharePoint sites e arquivos<\/strong>: <a href=\"https:\/\/docs.microsoft.com\/pt-br\/microsoft-365\/security\/office-365\/security\/sharepoint-file-access-policies?view=o365-worldwide\" target=\"_blank\" rel=\"noreferrer noopener\">https:\/\/docs.microsoft.com\/pt-br\/microsoft-365\/security\/office-365\/security\/sharepoint-file-access-policies?view=o365-worldwide<\/a><\/li><\/ul>\n\n<p>Al\u00e9m disso, a Empresa tamb\u00e9m poder\u00e1 transferir seus dados pessoais para outras empresas do grupo econ\u00f4mico localizadas fora do pa\u00eds.<\/p>\n\n<p>Quando seus dados pessoais forem transferidos para fora do Brasil pela Empresa, ser\u00e3o adotadas medidas apropriadas para garantir a prote\u00e7\u00e3o adequada de seus dados pessoais em conformidade com os requisitos da legisla\u00e7\u00e3o aplic\u00e1vel de prote\u00e7\u00e3o de dados, inclusive por meio da celebra\u00e7\u00e3o de contratos apropriados e espec\u00edficos de transfer\u00eancia de dados.<\/p>\n\n<p>Vale pontuar que a <strong>Empresa<\/strong> pertence a um grupo empresarial multinacional e a matriz desse grupo est\u00e1 localizada na <strong>It\u00e1lia<\/strong>. Por isso, \u00e9 comum o envio para a sede italiana de relat\u00f3rios, diagn\u00f3sticos, pareceres, e-mails e outros documentos que possam conter dados e informa\u00e7\u00f5es pessoais. O pr\u00f3prio servidor de e-mail e o diret\u00f3rio de arquivos da Empresa s\u00e3o italianos. Destarte, todo(a) <strong>Fornecedores\/Cliente\/Terceiros<\/strong> est\u00e1 ciente dessa situa\u00e7\u00e3o e <strong><span style=\"text-decoration: underline\">concorda<\/span><\/strong> com os termos sobre transfer\u00eancia internacional de dados colocados nesta Pol\u00edtica.<\/p>\n\n<p>Por outro lado, a matriz italiana, al\u00e9m de possuir uma rigorosa Pol\u00edtica de Privacidade e Prote\u00e7\u00e3o de Dados Pessoais, tamb\u00e9m est\u00e1 em total conformidade com o <strong>Regulamento Geral sobre a Prote\u00e7\u00e3o de Dados<\/strong> (GDPR), o qual possui n\u00edvel de prote\u00e7\u00e3o equivalente ao institu\u00eddo pela LGPD.<\/p>\n\n<div class=\"wp-block-mac-h4-title-block block-txt-container box-container\"><div class=\"row\"><div class=\"col title-box-txt\"><h4 style=\"color:#212429;text-align:left\">6. Princ\u00edpios, diretrizes e salvaguardas<\/h4><\/div><\/div><\/div>\n\n<p>Durante o tratamento dos dados e informa\u00e7\u00f5es pessoais, a Empresa respeita os princ\u00edpios e as diretrizes da LGPD, tais como a finalidade, adequa\u00e7\u00e3o, necessidade, transpar\u00eancia e n\u00e3o discrimina\u00e7\u00e3o. A Empresa exige de seus <strong>parceiros, fornecedores e prestadores de servi\u00e7os<\/strong> que tamb\u00e9m o fa\u00e7am, o que, dentro do poss\u00edvel, \u00e9 feito por meio de garantias contratuais formais ou termos espec\u00edficos.<\/p>\n\n<p>Nessa perspectiva, a Empresa adota protocolos de seguran\u00e7a e de utiliza\u00e7\u00e3o m\u00ednima dos dados pessoais, seja de seus fornecedores e clientes ou mesmo de terceiros com quem se relaciona. Quando a coleta, tratamento e armazenamento dos dados e informa\u00e7\u00f5es pessoais s\u00e3o necess\u00e1rias para a realiza\u00e7\u00e3o de seu objeto social, tais processos s\u00e3o fundamentados sempre em bases legais (art.7\u00ba da LGPD) e seguem estritamente os respectivos princ\u00edpios jur\u00eddicos norteadores (art.6\u00ba da LGPD).<\/p>\n\n<p>As bases legais s\u00e3o os fundamentos jur\u00eddicos para o tratamento de dados pessoais. Por isso, cada tratamento precisa ter uma finalidade espec\u00edfica justificada por uma base legal. As bases legais comumente utilizadas pela Empresa s\u00e3o a execu\u00e7\u00e3o contratual, a obriga\u00e7\u00e3o legal ou regulat\u00f3ria e o consentimento. Por vezes, a Empresa tamb\u00e9m utiliza o leg\u00edtimo interesse. Nesse \u00faltimo caso, nenhum dado sens\u00edvel ser\u00e1 tratado e a Empresa realizar\u00e1 uma avalia\u00e7\u00e3o pr\u00e9via com base nos testes da finalidade, necessidade e proporcionalidade do tratamento.<\/p>\n\n<p>A Empresa utiliza medidas t\u00e9cnicas e organizacionais adequadas para proteger os seus dados pessoais contra tratamento desautorizado ou ilegal e contra perda acidental, destrui\u00e7\u00e3o ou danos (controle de uso de rascunhos, prefer\u00eancia para documentos digitais, controle de acesso etc.). Estruturalmente, a Empresa promove a prote\u00e7\u00e3o da privacidade e dos dados pessoais por meio:<\/p>\n\n<ul class=\"wp-block-list\"><li>De <strong>treinamento<\/strong> e atualiza\u00e7\u00e3o de seus colaboradores \u00e0s exig\u00eancias legais e negociais acerca da prote\u00e7\u00e3o da privacidade e dos dados pessoais;<\/li>\n\n<li>Da elabora\u00e7\u00e3o de <strong>contratos<\/strong> comerciais com exig\u00eancias de conformidade tamb\u00e9m de seus parceiros de neg\u00f3cio, especialmente no caso de provedores de softwares e outras tecnologias necess\u00e1rias para fins de gerenciamento dos sistemas e neg\u00f3cios da Empresa;<\/li>\n\n<li>Da elabora\u00e7\u00e3o de <strong>contratos de trabalho<\/strong>, com esclarecimento pr\u00e9vio e adequado de seus termos e consequ\u00eancias;<\/li>\n\n<li>De <strong>protocolos <\/strong>de seguran\u00e7a, controle e descarte das informa\u00e7\u00f5es e dados;<\/li>\n\n<li>De <strong>cuidado<\/strong> com os dados e informa\u00e7\u00f5es sens\u00edveis, com o esfor\u00e7o constante em nunca discriminar ou prejudicar injustamente os indiv\u00edduos vinculados \u00e0 Empresa;<\/li>\n\n<li>Do <strong>cuidado<\/strong> para compartilhamento e armazenamento de seus dados pessoais;<\/li>\n\n<li>De mecanismos de <strong>transpar\u00eancia<\/strong> em suas rela\u00e7\u00f5es e de seguran\u00e7a da informa\u00e7\u00e3o;<\/li><\/ul>\n\n<div class=\"wp-block-mac-h4-title-block block-txt-container box-container\"><div class=\"row\"><div class=\"col title-box-txt\"><h4 style=\"color:#212429;text-align:left\">7. Seguran\u00e7a da Informa\u00e7\u00e3o<\/h4><\/div><\/div><\/div>\n\n<p>Os dados pessoais s\u00e3o armazenados de maneira segura em equipamentos <strong>protegidos<\/strong>. Os servidores e computadores utilizados possuem protocolos de seguran\u00e7a e antiv\u00edrus atualizados. As comunica\u00e7\u00f5es entre servidores e com empresas terceiras ocorrem por meio de criptografia VPN.<\/p>\n\n<p>Apenas indiv\u00edduos com <strong>motivos leg\u00edtimos<\/strong> ter\u00e3o acesso aos dados pessoais, os quais ainda s\u00e3o restritos com base em crit\u00e9rios como regi\u00e3o, segmento, produto\/servi\u00e7o. Os computadores, os servidores e as pastas, sejam f\u00edsicas ou digitais, possuem controle de permiss\u00e3o e acesso, e apenas um n\u00famero limitado de pessoas ter\u00e3o acesso a tais equipamentos e documentos.<\/p>\n\n<p>O <strong>Grupo Maccaferri<\/strong> possui um plano de a\u00e7\u00e3o para conduzir a mitiga\u00e7\u00e3o ou elimina\u00e7\u00e3o dos eventuais efeitos negativos gerados por um incidente de dados pessoais. Periodicamente, simula\u00e7\u00f5es de incidentes s\u00e3o realizadas a fim de permitir uma revis\u00e3o e melhoria constante dos processos e protocolos de seguran\u00e7a da informa\u00e7\u00e3o.<\/p>\n\n<div class=\"wp-block-mac-h4-title-block block-txt-container box-container\"><div class=\"row\"><div class=\"col title-box-txt\"><h4 style=\"color:#212429;text-align:left\">8. Obriga\u00e7\u00f5es e deveres dos Fornecedores\/Clientes\/Terceiros<\/h4><\/div><\/div><\/div>\n\n<p>Os Fornecedores\/Cliente\/Terceiros Empresa devem ter ci\u00eancia dos termos desta Pol\u00edtica e fazerem o poss\u00edvel para respeitar suas diretrizes no relacionamento com a Empresa, em especial quanto aos dados e informa\u00e7\u00f5es pessoais dos colaboradores e parceiros da Empresa. O dever de tratamento leg\u00edtimo, legal e \u00e9tico dos dados pessoais \u00e9 dever de toda a sociedade brasileira.<\/p>\n\n<p>Nessa linha, s\u00e3o deveres daqueles que se relacionam com a Empresa, especialmente os fornecedores:<\/p>\n\n<ul class=\"wp-block-list\"><li><strong>Respeitar<\/strong> a privacidade e a intimidade dos colaboradores e parceiros da Empresa que eventualmente se relacionem;<\/li>\n\n<li><strong>Cuidar<\/strong> de forma adequada e legalmente consistente dos dados e informa\u00e7\u00f5es pessoais que tiverem obtiverem em raz\u00e3o de sua rela\u00e7\u00e3o com a Empresa;<\/li>\n\n<li>Auxiliar a Empresa e toda a sociedade brasileira a promoverem um <strong>ambiente informacional <\/strong>e de trabalho saud\u00e1vel para todos;<\/li>\n\n<li>Quando visitarem ou se relacionarem com a Empresa, comprometem-se a observar os <strong>protocolos de seguran\u00e7a<\/strong> e a <strong>pol\u00edtica<\/strong> de privacidade e prote\u00e7\u00e3o de dados da Empresa;<\/li>\n\n<li><strong>N\u00e3o compartilhar<\/strong>, sem autoriza\u00e7\u00e3o expressa da Empresa ou do respectivo titular, documentos confidenciais ou dados pessoais sens\u00edveis que obterem ou tiverem conhecimento em raz\u00e3o de sua rela\u00e7\u00e3o com a empresa, principalmente se o conhecimento ocorrer de forma acidental;<\/li>\n\n<li>Ao visitar a Empresa, <strong>n\u00e3o tirarem fotoc\u00f3pias<\/strong> de documentos que contenham dados e informa\u00e7\u00f5es pessoais, salvo quando expressamente autorizado ou necess\u00e1rio para a execu\u00e7\u00e3o de atividades profissionais ou comerciais;<\/li>\n\n<li>Colaborar com a Empresa para a ado\u00e7\u00e3o de todas as medidas poss\u00edveis de <strong>mitiga\u00e7\u00e3o<\/strong> em caso de vazamento de dados pessoais ou viola\u00e7\u00e3o da privacidade dos demais;<\/li>\n\n<li>Cuidar das informa\u00e7\u00f5es e dados pessoais que tiverem acesso em raz\u00e3o de comunica\u00e7\u00f5es com a Empresa, especialmente por <strong>e-mail<\/strong>;<\/li>\n\n<li>Ao compartilhar dados e informa\u00e7\u00f5es pessoais com a Empresa, certificar-se de realizar todo o tratamento de forma regular, segura e com transpar\u00eancia, inclusive com a coleta do consentimento dos titulares, quando for necess\u00e1rio<\/li><\/ul>\n\n<div class=\"wp-block-mac-h4-title-block block-txt-container box-container\"><div class=\"row\"><div class=\"col title-box-txt\"><h4 style=\"color:#212429;text-align:left\">9. Direitos dos titulares<\/h4><\/div><\/div><\/div>\n\n<p>Nos termos da legisla\u00e7\u00e3o brasileira, destacamos a seguir os direitos que podem ser requisitados pelos Titulares de dados pessoais por meio dos canais de contato disponibilizados nesta Pol\u00edtica e em demais meios de divulga\u00e7\u00e3o, respeitados os limites aplic\u00e1veis:<\/p>\n\n<ul class=\"wp-block-list\"><li><strong>Confirma\u00e7\u00e3o e acesso aos dados:<\/strong> qualquer indiv\u00edduo pode requerer a confirma\u00e7\u00e3o da exist\u00eancia de tratamento e o acesso aos dados tratados pelo e-mail <a href=\"mailto:dpo.br@maccaferri.com\" target=\"_blank\" rel=\"noreferrer noopener\">dpo.br@maccaferri.com<\/a>, bem como informa\u00e7\u00f5es sobre o poss\u00edvel compartilhamento com terceiros. Contudo, para viabilizar o exerc\u00edcio desse direito, a Empresa poder\u00e1 implementar mecanismos de autentica\u00e7\u00e3o de identidade do solicitante, com o objetivo de garantir seguran\u00e7a e prote\u00e7\u00e3o \u00e0s informa\u00e7\u00f5es tratadas.<\/li>\n\n<li><strong>Revoga\u00e7\u00e3o de consentimento:<\/strong> nas situa\u00e7\u00f5es em que a realiza\u00e7\u00e3o de opera\u00e7\u00f5es de tratamento requer obten\u00e7\u00e3o de consentimento, este poder\u00e1 ser revogado a qualquer tempo mediante manifesta\u00e7\u00e3o expressa do titular, de forma simples e gratuita com uma solicita\u00e7\u00e3o por meio do e-mail <a href=\"mailto:dpo.br@maccaferri.com\">dpo.br@maccaferri.com<\/a>.     <\/li>\n\n<li><strong>Corre\u00e7\u00e3o:<\/strong> estando-se diante de dados pessoais incorretos, imprecisos ou desatualizados, o titular de dados pessoais poder\u00e1 solicitar a corre\u00e7\u00e3o dessas informa\u00e7\u00f5es ou mesmo viabiliz\u00e1-la de forma c\u00e9lere e imediata atrav\u00e9s de uma solicita\u00e7\u00e3o por meio do e-mail <a href=\"mailto:dpo.br@maccaferri.com\" target=\"_blank\" rel=\"noreferrer noopener\">dpo.br@maccaferri.com<\/a>.<\/li>\n\n<li><strong>Exclus\u00e3o ou anonimiza\u00e7\u00e3o:<\/strong> o titular de dados pessoais poder\u00e1 requisitar a exclus\u00e3o ou a anonimiza\u00e7\u00e3o dos dados fornecidos em algumas situa\u00e7\u00f5es espec\u00edficas \u2013 especialmente quando a base legal para o tratamento for o consentimento -, quando acreditar que seus dados est\u00e3o sendo tratados de forma excessiva, desnecess\u00e1ria ou em desconformidade com a legisla\u00e7\u00e3o aplic\u00e1vel. Contudo, \u00e9 plenamente poss\u00edvel que, mesmo ap\u00f3s o requerimento de exclus\u00e3o, alguns dados pessoais permane\u00e7am armazenados, em atendimento a obriga\u00e7\u00f5es legais ou para a prote\u00e7\u00e3o de interesses nossos ou de terceiros.<\/li>\n\n<li><strong>Portabilidade:<\/strong> o termo significa levar consigo, transferir e, por isso, consiste no direito do titular de transferir os seus dados de um controlador para outro, quando poss\u00edvel e nos termos legais e regulat\u00f3rios da Autoridade Nacional de Prote\u00e7\u00e3o de Dados.<\/li>\n\n<li><strong>Oposi\u00e7\u00e3o:<\/strong> ao titular de dados pessoais deve ser concedida a possibilidade de oposi\u00e7\u00e3o ao tratamento de seus dados pessoais, observados os limites e imposi\u00e7\u00f5es legalmente previstos.<\/li><\/ul>\n\n<div class=\"wp-block-mac-h4-title-block block-txt-container box-container\"><div class=\"row\"><div class=\"col title-box-txt\"><h4 style=\"color:#212429;text-align:left\">10. Disposi\u00e7\u00f5es finais<\/h4><\/div><\/div><\/div>\n\n<p>A Empresa poder\u00e1 promover atualiza\u00e7\u00f5es e ajustes na presente Pol\u00edtica a qualquer momento, de modo a refletir as pr\u00e1ticas da empresa em mat\u00e9ria de privacidade e prote\u00e7\u00e3o de dados pessoais. Em caso de altera\u00e7\u00f5es relevantes e substanciais nesta Pol\u00edtica, a Empresa enviar\u00e1 um aviso a esse respeito.<\/p>\n\n<p>Apesar disso, a data de \u00faltima atualiza\u00e7\u00e3o sempre constar\u00e1 ao final do documento, sendo recomend\u00e1vel que o <strong>Titular\/Voc\u00ea<\/strong> se mantenha atento \u00e0s <strong>informa\u00e7\u00f5es<\/strong> e diretrizes disponibilizadas. Com a continuidade de sua rela\u00e7\u00e3o com a Empresa ap\u00f3s essas altera\u00e7\u00f5es, voc\u00ea (Titular) estar\u00e1 de acordo com a Pol\u00edtica atualizada.<br><br>Esta Pol\u00edtica foi atualizada pela \u00faltima vez em 01\/03\/2023. Para mais informa\u00e7\u00f5es acerca do tratamento de dados pessoais ou para exercer seus <strong>direitos<\/strong>, entre em contato com o Encarregado atrav\u00e9s do e-mail: <a href=\"mailto:dpo.br@maccaferri.com\" target=\"_blank\" rel=\"noreferrer noopener\">dpo.br@maccaferri.com<\/a>.<br><\/p>\n\n<p><strong>Encarregado de dados pessoais:<\/strong> Mois\u00e9s Brand\u00e3o.<\/p><\/div><\/div><\/div>","protected":false},"excerpt":{"rendered":"","protected":false},"author":20,"featured_media":0,"parent":0,"menu_order":0,"comment_status":"closed","ping_status":"closed","template":"","meta":{"_acf_changed":false,"_joinchat":[],"footnotes":""},"class_list":["post-61032","page","type-page","status-publish","hentry"],"acf":{"uuid_products":"","product-documents":""},"yoast_head":"<!-- This site is optimized with the Yoast SEO Premium plugin v27.0 (Yoast SEO v27.0) - https:\/\/yoast.com\/product\/yoast-seo-premium-wordpress\/ -->\n<title>Pol\u00edtica de Privacidade LGPD | Maccaferri Brasil<\/title>\n<meta name=\"description\" content=\"Conhe\u00e7a a pol\u00edtica de privacidade da Maccaferri Brasil, alinhada \u00e0 LGPD, garantindo prote\u00e7\u00e3o e seguran\u00e7a de todos os seus dados pessoais.\" \/>\n<meta name=\"robots\" content=\"index, follow, max-snippet:-1, max-image-preview:large, max-video-preview:-1\" \/>\n<link rel=\"canonical\" href=\"https:\/\/www.maccaferri.com\/br\/politica-de-privacidade-lgpd\/\" \/>\n<meta property=\"og:locale\" content=\"pt_BR\" \/>\n<meta property=\"og:type\" content=\"article\" \/>\n<meta property=\"og:description\" content=\"Conhe\u00e7a a pol\u00edtica de privacidade da Maccaferri Brasil, alinhada \u00e0 LGPD, garantindo prote\u00e7\u00e3o e seguran\u00e7a de todos os seus dados pessoais.\" \/>\n<meta property=\"og:url\" content=\"https:\/\/www.maccaferri.com\/br\/politica-de-privacidade-lgpd\/\" \/>\n<meta property=\"og:site_name\" content=\"Maccaferri Brasil\" \/>\n<meta property=\"article:modified_time\" content=\"2025-05-26T11:09:50+00:00\" \/>\n<meta name=\"twitter:card\" content=\"summary_large_image\" \/>\n<meta name=\"twitter:label1\" content=\"Est. reading time\" \/>\n\t<meta name=\"twitter:data1\" content=\"27 minutes\" \/>\n<!-- \/ Yoast SEO Premium plugin. -->","yoast_head_json":{"title":"Pol\u00edtica de Privacidade LGPD | Maccaferri Brasil","description":"Conhe\u00e7a a pol\u00edtica de privacidade da Maccaferri Brasil, alinhada \u00e0 LGPD, garantindo prote\u00e7\u00e3o e seguran\u00e7a de todos os seus dados pessoais.","robots":{"index":"index","follow":"follow","max-snippet":"max-snippet:-1","max-image-preview":"max-image-preview:large","max-video-preview":"max-video-preview:-1"},"canonical":"https:\/\/www.maccaferri.com\/br\/politica-de-privacidade-lgpd\/","og_locale":"pt_BR","og_type":"article","og_description":"Conhe\u00e7a a pol\u00edtica de privacidade da Maccaferri Brasil, alinhada \u00e0 LGPD, garantindo prote\u00e7\u00e3o e seguran\u00e7a de todos os seus dados pessoais.","og_url":"https:\/\/www.maccaferri.com\/br\/politica-de-privacidade-lgpd\/","og_site_name":"Maccaferri Brasil","article_modified_time":"2025-05-26T11:09:50+00:00","twitter_card":"summary_large_image","twitter_misc":{"Est. reading time":"27 minutes"},"schema":{"@context":"https:\/\/schema.org","@graph":[{"@type":"WebPage","@id":"https:\/\/www.maccaferri.com\/br\/politica-de-privacidade-lgpd\/","url":"https:\/\/www.maccaferri.com\/br\/politica-de-privacidade-lgpd\/","name":"Pol\u00edtica de Privacidade LGPD | Maccaferri Brasil","isPartOf":{"@id":"https:\/\/www.maccaferri.com\/br\/#website"},"datePublished":"2024-01-24T17:18:40+00:00","dateModified":"2025-05-26T11:09:50+00:00","description":"Conhe\u00e7a a pol\u00edtica de privacidade da Maccaferri Brasil, alinhada \u00e0 LGPD, garantindo prote\u00e7\u00e3o e seguran\u00e7a de todos os seus dados pessoais.","inLanguage":"pt-BR","potentialAction":[{"@type":"ReadAction","target":["https:\/\/www.maccaferri.com\/br\/politica-de-privacidade-lgpd\/"]}]},{"@type":"WebSite","@id":"https:\/\/www.maccaferri.com\/br\/#website","url":"https:\/\/www.maccaferri.com\/br\/","name":"Maccaferri Brasil","description":"","publisher":{"@id":"https:\/\/www.maccaferri.com\/br\/#organization"},"potentialAction":[{"@type":"SearchAction","target":{"@type":"EntryPoint","urlTemplate":"https:\/\/www.maccaferri.com\/br\/?s={search_term_string}"},"query-input":{"@type":"PropertyValueSpecification","valueRequired":true,"valueName":"search_term_string"}}],"inLanguage":"pt-BR"},{"@type":"Organization","@id":"https:\/\/www.maccaferri.com\/br\/#organization","name":"Maccaferri do Brasil","alternateName":"Maccaferri","url":"https:\/\/www.maccaferri.com\/br\/","logo":{"@type":"ImageObject","inLanguage":"pt-BR","@id":"https:\/\/www.maccaferri.com\/br\/#\/schema\/logo\/image\/","url":"https:\/\/www.maccaferri.com\/br\/wp-content\/uploads\/2022\/07\/logo-maccaferri.png","contentUrl":"https:\/\/www.maccaferri.com\/br\/wp-content\/uploads\/2022\/07\/logo-maccaferri.png","width":152,"height":32,"caption":"Maccaferri do Brasil"},"image":{"@id":"https:\/\/www.maccaferri.com\/br\/#\/schema\/logo\/image\/"}}]}},"_links":{"self":[{"href":"https:\/\/www.maccaferri.com\/br\/wp-json\/wp\/v2\/pages\/61032","targetHints":{"allow":["GET"]}}],"collection":[{"href":"https:\/\/www.maccaferri.com\/br\/wp-json\/wp\/v2\/pages"}],"about":[{"href":"https:\/\/www.maccaferri.com\/br\/wp-json\/wp\/v2\/types\/page"}],"author":[{"embeddable":true,"href":"https:\/\/www.maccaferri.com\/br\/wp-json\/wp\/v2\/users\/20"}],"replies":[{"embeddable":true,"href":"https:\/\/www.maccaferri.com\/br\/wp-json\/wp\/v2\/comments?post=61032"}],"version-history":[{"count":17,"href":"https:\/\/www.maccaferri.com\/br\/wp-json\/wp\/v2\/pages\/61032\/revisions"}],"predecessor-version":[{"id":102718,"href":"https:\/\/www.maccaferri.com\/br\/wp-json\/wp\/v2\/pages\/61032\/revisions\/102718"}],"wp:attachment":[{"href":"https:\/\/www.maccaferri.com\/br\/wp-json\/wp\/v2\/media?parent=61032"}],"curies":[{"name":"wp","href":"https:\/\/api.w.org\/{rel}","templated":true}]}}